{"id":14,"date":"2020-10-04T10:02:40","date_gmt":"2020-10-04T08:02:40","guid":{"rendered":"https:\/\/www.fw-pfaffenhofen-glonn.de:81\/?page_id=14"},"modified":"2026-03-05T18:49:10","modified_gmt":"2026-03-05T17:49:10","slug":"neuigkeiten","status":"publish","type":"page","link":"https:\/\/www.fw-pfaffenhofen-glonn.de\/","title":{"rendered":"Home"},"content":{"rendered":"\t\t<div data-elementor-type=\"wp-page\" data-elementor-id=\"14\" class=\"elementor elementor-14\">\n\t\t\t\t\t\t<section class=\"elementor-section elementor-top-section elementor-element elementor-element-61ed4da elementor-section-full_width elementor-section-height-min-height elementor-section-items-stretch elementor-section-height-default\" data-id=\"61ed4da\" data-element_type=\"section\" data-e-type=\"section\" data-settings=\"{&quot;background_background&quot;:&quot;classic&quot;}\">\n\t\t\t\t\t\t<div class=\"elementor-container elementor-column-gap-no\">\n\t\t\t\t\t<div class=\"elementor-column elementor-col-100 elementor-top-column elementor-element elementor-element-4a6459d\" data-id=\"4a6459d\" data-element_type=\"column\" data-e-type=\"column\">\n\t\t\t<div class=\"elementor-widget-wrap\">\n\t\t\t\t\t\t\t<\/div>\n\t\t<\/div>\n\t\t\t\t\t<\/div>\n\t\t<\/section>\n\t\t\t\t<section class=\"elementor-section elementor-top-section elementor-element elementor-element-4ebeafcc elementor-section-full_width elementor-section-height-default elementor-section-height-default\" data-id=\"4ebeafcc\" data-element_type=\"section\" data-e-type=\"section\" data-settings=\"{&quot;background_background&quot;:&quot;classic&quot;}\">\n\t\t\t\t\t\t\t<div class=\"elementor-background-overlay\"><\/div>\n\t\t\t\t\t\t\t<div class=\"elementor-container elementor-column-gap-default\">\n\t\t\t\t\t<div class=\"elementor-column elementor-col-100 elementor-top-column elementor-element elementor-element-7e661b23\" data-id=\"7e661b23\" data-element_type=\"column\" data-e-type=\"column\" data-settings=\"{&quot;background_background&quot;:&quot;classic&quot;}\">\n\t\t\t<div class=\"elementor-widget-wrap elementor-element-populated\">\n\t\t\t\t\t\t<section class=\"elementor-section elementor-inner-section elementor-element elementor-element-72894ef1 elementor-section-boxed elementor-section-height-default elementor-section-height-default\" data-id=\"72894ef1\" data-element_type=\"section\" data-e-type=\"section\" data-settings=\"{&quot;background_background&quot;:&quot;classic&quot;}\">\n\t\t\t\t\t\t<div class=\"elementor-container elementor-column-gap-default\">\n\t\t\t\t\t<div class=\"elementor-column elementor-col-100 elementor-inner-column elementor-element elementor-element-5c8fad16\" data-id=\"5c8fad16\" data-element_type=\"column\" data-e-type=\"column\" data-settings=\"{&quot;background_background&quot;:&quot;classic&quot;}\">\n\t\t\t<div class=\"elementor-widget-wrap elementor-element-populated\">\n\t\t\t\t\t\t<div class=\"elementor-element elementor-element-e068c47 animated-slow elementor-invisible elementor-widget elementor-widget-heading\" data-id=\"e068c47\" data-element_type=\"widget\" data-e-type=\"widget\" data-settings=\"{&quot;_animation&quot;:&quot;fadeIn&quot;,&quot;_animation_delay&quot;:300}\" data-widget_type=\"heading.default\">\n\t\t\t\t<div class=\"elementor-widget-container\">\n\t\t\t\t\t<h1 class=\"elementor-heading-title elementor-size-large\">Freiwillige Feuerwehr Pfaffenhofen a. d. Glonn<\/h1>\t\t\t\t<\/div>\n\t\t\t\t<\/div>\n\t\t\t\t<div class=\"elementor-element elementor-element-a53d8e2 elementor-widget elementor-widget-text-editor\" data-id=\"a53d8e2\" data-element_type=\"widget\" data-e-type=\"widget\" data-widget_type=\"text-editor.default\">\n\t\t\t\t<div class=\"elementor-widget-container\">\n\t\t\t\t\t\t\t\t\t<p>Die Freiwillige Feuerwehr Pfaffenhofen a. d. Glonn ist, wie die \u00fcberwiegende Zahl an bayerischen und deutschen Feuerwehren, ehrenamtlich.<br \/>In ganz Deutschland gibt es nur ca. 100 Berufsfeuerwehren, aber rund 25.000 freiwillige Feuerwehren.<br \/>Den Einsatz- und \u00dcbungsdienst \u00fcbernehmen B\u00fcrger und B\u00fcrgerinnen der Gemeinde ehrenamtlich und unentgeltlich in Ihrer Freizeit.<br \/>Tr\u00e4ger der FFW Pfaffenhofen a. d. Glonn ist die Gemeinde, unterst\u00fctzt durch einen gemeinn\u00fctzigen F\u00f6rderverein.<\/p>\t\t\t\t\t\t\t\t<\/div>\n\t\t\t\t<\/div>\n\t\t\t\t\t<\/div>\n\t\t<\/div>\n\t\t\t\t\t<\/div>\n\t\t<\/section>\n\t\t\t\t\t<\/div>\n\t\t<\/div>\n\t\t\t\t\t<\/div>\n\t\t<\/section>\n\t\t\t\t<section class=\"elementor-section elementor-top-section elementor-element elementor-element-a70cd47 elementor-section-boxed elementor-section-height-default elementor-section-height-default\" data-id=\"a70cd47\" data-element_type=\"section\" data-e-type=\"section\" data-settings=\"{&quot;background_background&quot;:&quot;classic&quot;}\">\n\t\t\t\t\t\t<div class=\"elementor-container elementor-column-gap-default\">\n\t\t\t\t\t<div class=\"elementor-column elementor-col-25 elementor-top-column elementor-element elementor-element-7fe7d4a\" data-id=\"7fe7d4a\" data-element_type=\"column\" data-e-type=\"column\">\n\t\t\t<div class=\"elementor-widget-wrap elementor-element-populated\">\n\t\t\t\t\t\t<div class=\"elementor-element elementor-element-8a9f9e7 elementor-widget elementor-widget-counter\" data-id=\"8a9f9e7\" data-element_type=\"widget\" data-e-type=\"widget\" data-widget_type=\"counter.default\">\n\t\t\t\t<div class=\"elementor-widget-container\">\n\t\t\t\t\t\t\t<div class=\"elementor-counter\">\n\t\t\t<div class=\"elementor-counter-title\">Eins\u00e4tze 2025<\/div>\t\t\t<div class=\"elementor-counter-number-wrapper\">\n\t\t\t\t<span class=\"elementor-counter-number-prefix\"><\/span>\n\t\t\t\t<span class=\"elementor-counter-number\" data-duration=\"3800\" data-to-value=\"19\" data-from-value=\"0\" data-delimiter=\",\">0<\/span>\n\t\t\t\t<span class=\"elementor-counter-number-suffix\"><\/span>\n\t\t\t<\/div>\n\t\t<\/div>\n\t\t\t\t\t\t<\/div>\n\t\t\t\t<\/div>\n\t\t\t\t<div class=\"elementor-element elementor-element-c1e538b elementor-widget-divider--view-line elementor-widget elementor-widget-divider\" data-id=\"c1e538b\" data-element_type=\"widget\" data-e-type=\"widget\" data-widget_type=\"divider.default\">\n\t\t\t\t<div class=\"elementor-widget-container\">\n\t\t\t\t\t\t\t<div class=\"elementor-divider\">\n\t\t\t<span class=\"elementor-divider-separator\">\n\t\t\t\t\t\t<\/span>\n\t\t<\/div>\n\t\t\t\t\t\t<\/div>\n\t\t\t\t<\/div>\n\t\t\t\t<div class=\"elementor-element elementor-element-e67d49b elementor-widget elementor-widget-counter\" data-id=\"e67d49b\" data-element_type=\"widget\" data-e-type=\"widget\" data-widget_type=\"counter.default\">\n\t\t\t\t<div class=\"elementor-widget-container\">\n\t\t\t\t\t\t\t<div class=\"elementor-counter\">\n\t\t\t<div class=\"elementor-counter-title\">Eins\u00e4tze im Jahr 2026 bisher<\/div>\t\t\t<div class=\"elementor-counter-number-wrapper\">\n\t\t\t\t<span class=\"elementor-counter-number-prefix\"><\/span>\n\t\t\t\t<span class=\"elementor-counter-number\" data-duration=\"3800\" data-to-value=\"3\" data-from-value=\"0\" data-delimiter=\",\">0<\/span>\n\t\t\t\t<span class=\"elementor-counter-number-suffix\"><\/span>\n\t\t\t<\/div>\n\t\t<\/div>\n\t\t\t\t\t\t<\/div>\n\t\t\t\t<\/div>\n\t\t\t\t\t<\/div>\n\t\t<\/div>\n\t\t\t\t<div class=\"elementor-column elementor-col-25 elementor-top-column elementor-element elementor-element-eb07a90\" data-id=\"eb07a90\" data-element_type=\"column\" data-e-type=\"column\">\n\t\t\t<div class=\"elementor-widget-wrap elementor-element-populated\">\n\t\t\t\t\t\t<div class=\"elementor-element elementor-element-6e9eea0 elementor-align-center elementor-widget elementor-widget-button\" data-id=\"6e9eea0\" data-element_type=\"widget\" data-e-type=\"widget\" data-widget_type=\"button.default\">\n\t\t\t\t<div class=\"elementor-widget-container\">\n\t\t\t\t\t\t\t\t\t<div class=\"elementor-button-wrapper\">\n\t\t\t\t\t<a class=\"elementor-button elementor-button-link elementor-size-sm\" href=\"https:\/\/www.fw-pfaffenhofen-glonn.de\/index.php\/werde-teil-des-teams\/\">\n\t\t\t\t\t\t<span class=\"elementor-button-content-wrapper\">\n\t\t\t\t\t\t\t\t\t<span class=\"elementor-button-text\">Werde Teil des Teams<\/span>\n\t\t\t\t\t<\/span>\n\t\t\t\t\t<\/a>\n\t\t\t\t<\/div>\n\t\t\t\t\t\t\t\t<\/div>\n\t\t\t\t<\/div>\n\t\t\t\t<div class=\"elementor-element elementor-element-d33341c animated-slow elementor-widget elementor-widget-image\" data-id=\"d33341c\" data-element_type=\"widget\" data-e-type=\"widget\" data-settings=\"{&quot;_animation&quot;:&quot;none&quot;,&quot;_animation_delay&quot;:300}\" data-widget_type=\"image.default\">\n\t\t\t\t<div class=\"elementor-widget-container\">\n\t\t\t\t\t\t\t\t\t\t\t\t\t\t\t\t<a href=\"https:\/\/www.fw-pfaffenhofen-glonn.de\/index.php\/werde-teil-des-teams\/\">\n\t\t\t\t\t\t\t<img fetchpriority=\"high\" decoding=\"async\" width=\"800\" height=\"577\" src=\"https:\/\/www.fw-pfaffenhofen-glonn.de\/wp-content\/uploads\/2024\/11\/2024-05-e-thl3-egenburg-4-Mittel-1024x738.jpg\" class=\"attachment-large size-large wp-image-2463\" alt=\"\" srcset=\"https:\/\/www.fw-pfaffenhofen-glonn.de\/wp-content\/uploads\/2024\/11\/2024-05-e-thl3-egenburg-4-Mittel-1024x738.jpg 1024w, https:\/\/www.fw-pfaffenhofen-glonn.de\/wp-content\/uploads\/2024\/11\/2024-05-e-thl3-egenburg-4-Mittel-300x216.jpg 300w, https:\/\/www.fw-pfaffenhofen-glonn.de\/wp-content\/uploads\/2024\/11\/2024-05-e-thl3-egenburg-4-Mittel-768x554.jpg 768w, https:\/\/www.fw-pfaffenhofen-glonn.de\/wp-content\/uploads\/2024\/11\/2024-05-e-thl3-egenburg-4-Mittel.jpg 1065w\" sizes=\"(max-width: 800px) 100vw, 800px\" \/>\t\t\t\t\t\t\t\t<\/a>\n\t\t\t\t\t\t\t\t\t\t\t\t\t\t\t<\/div>\n\t\t\t\t<\/div>\n\t\t\t\t\t<\/div>\n\t\t<\/div>\n\t\t\t\t<div class=\"elementor-column elementor-col-25 elementor-top-column elementor-element elementor-element-1429e61\" data-id=\"1429e61\" data-element_type=\"column\" data-e-type=\"column\">\n\t\t\t<div class=\"elementor-widget-wrap elementor-element-populated\">\n\t\t\t\t\t\t<div class=\"elementor-element elementor-element-46ba70c elementor-align-center elementor-widget elementor-widget-button\" data-id=\"46ba70c\" data-element_type=\"widget\" data-e-type=\"widget\" data-widget_type=\"button.default\">\n\t\t\t\t<div class=\"elementor-widget-container\">\n\t\t\t\t\t\t\t\t\t<div class=\"elementor-button-wrapper\">\n\t\t\t\t\t<a class=\"elementor-button elementor-button-link elementor-size-sm\" href=\"https:\/\/www.fw-pfaffenhofen-glonn.de\/index.php\/jugendfeuerwehr\/\">\n\t\t\t\t\t\t<span class=\"elementor-button-content-wrapper\">\n\t\t\t\t\t\t\t\t\t<span class=\"elementor-button-text\">Jugendfeuerwehr<\/span>\n\t\t\t\t\t<\/span>\n\t\t\t\t\t<\/a>\n\t\t\t\t<\/div>\n\t\t\t\t\t\t\t\t<\/div>\n\t\t\t\t<\/div>\n\t\t\t\t<div class=\"elementor-element elementor-element-97d761b animated-slow elementor-widget elementor-widget-image\" data-id=\"97d761b\" data-element_type=\"widget\" data-e-type=\"widget\" data-settings=\"{&quot;_animation&quot;:&quot;none&quot;,&quot;_animation_delay&quot;:300}\" data-widget_type=\"image.default\">\n\t\t\t\t<div class=\"elementor-widget-container\">\n\t\t\t\t\t\t\t\t\t\t\t\t\t\t\t\t<a href=\"https:\/\/www.fw-pfaffenhofen-glonn.de\/index.php\/jugendfeuerwehr\/\">\n\t\t\t\t\t\t\t<img decoding=\"async\" width=\"2000\" height=\"1057\" src=\"https:\/\/www.fw-pfaffenhofen-glonn.de\/wp-content\/uploads\/2024\/11\/Jugenduebung-e1732869617858.jpg\" class=\"attachment-full size-full wp-image-2468\" alt=\"\" srcset=\"https:\/\/www.fw-pfaffenhofen-glonn.de\/wp-content\/uploads\/2024\/11\/Jugenduebung-e1732869617858.jpg 2000w, https:\/\/www.fw-pfaffenhofen-glonn.de\/wp-content\/uploads\/2024\/11\/Jugenduebung-e1732869617858-300x159.jpg 300w, https:\/\/www.fw-pfaffenhofen-glonn.de\/wp-content\/uploads\/2024\/11\/Jugenduebung-e1732869617858-1024x541.jpg 1024w, https:\/\/www.fw-pfaffenhofen-glonn.de\/wp-content\/uploads\/2024\/11\/Jugenduebung-e1732869617858-768x406.jpg 768w, https:\/\/www.fw-pfaffenhofen-glonn.de\/wp-content\/uploads\/2024\/11\/Jugenduebung-e1732869617858-1536x812.jpg 1536w\" sizes=\"(max-width: 2000px) 100vw, 2000px\" \/>\t\t\t\t\t\t\t\t<\/a>\n\t\t\t\t\t\t\t\t\t\t\t\t\t\t\t<\/div>\n\t\t\t\t<\/div>\n\t\t\t\t\t<\/div>\n\t\t<\/div>\n\t\t\t\t<div class=\"elementor-column elementor-col-25 elementor-top-column elementor-element elementor-element-9ca4ce8\" data-id=\"9ca4ce8\" data-element_type=\"column\" data-e-type=\"column\">\n\t\t\t<div class=\"elementor-widget-wrap elementor-element-populated\">\n\t\t\t\t\t\t<div class=\"elementor-element elementor-element-a638d85 elementor-align-center elementor-widget elementor-widget-button\" data-id=\"a638d85\" data-element_type=\"widget\" data-e-type=\"widget\" data-widget_type=\"button.default\">\n\t\t\t\t<div class=\"elementor-widget-container\">\n\t\t\t\t\t\t\t\t\t<div class=\"elementor-button-wrapper\">\n\t\t\t\t\t<a class=\"elementor-button elementor-button-link elementor-size-sm\" href=\"https:\/\/www.fw-pfaffenhofen-glonn.de\/index.php\/uebungsplan\/\">\n\t\t\t\t\t\t<span class=\"elementor-button-content-wrapper\">\n\t\t\t\t\t\t\t\t\t<span class=\"elementor-button-text\">\u00dcbungen<\/span>\n\t\t\t\t\t<\/span>\n\t\t\t\t\t<\/a>\n\t\t\t\t<\/div>\n\t\t\t\t\t\t\t\t<\/div>\n\t\t\t\t<\/div>\n\t\t\t\t<div class=\"elementor-element elementor-element-b987138 animated-slow elementor-widget elementor-widget-image\" data-id=\"b987138\" data-element_type=\"widget\" data-e-type=\"widget\" data-settings=\"{&quot;_animation&quot;:&quot;none&quot;,&quot;_animation_delay&quot;:300}\" data-widget_type=\"image.default\">\n\t\t\t\t<div class=\"elementor-widget-container\">\n\t\t\t\t\t\t\t\t\t\t\t\t\t\t\t\t<a href=\"https:\/\/www.fw-pfaffenhofen-glonn.de\/index.php\/uebungsplan\/\">\n\t\t\t\t\t\t\t<img decoding=\"async\" width=\"2000\" height=\"1333\" src=\"https:\/\/www.fw-pfaffenhofen-glonn.de\/wp-content\/uploads\/2021\/07\/DSC_0277.jpg\" class=\"attachment-full size-full wp-image-658\" alt=\"Feuerwehr\u00fcbung im Kinderhaus\" srcset=\"https:\/\/www.fw-pfaffenhofen-glonn.de\/wp-content\/uploads\/2021\/07\/DSC_0277.jpg 2000w, https:\/\/www.fw-pfaffenhofen-glonn.de\/wp-content\/uploads\/2021\/07\/DSC_0277-300x200.jpg 300w, https:\/\/www.fw-pfaffenhofen-glonn.de\/wp-content\/uploads\/2021\/07\/DSC_0277-1024x682.jpg 1024w, https:\/\/www.fw-pfaffenhofen-glonn.de\/wp-content\/uploads\/2021\/07\/DSC_0277-768x512.jpg 768w, https:\/\/www.fw-pfaffenhofen-glonn.de\/wp-content\/uploads\/2021\/07\/DSC_0277-1536x1024.jpg 1536w, https:\/\/www.fw-pfaffenhofen-glonn.de\/wp-content\/uploads\/2021\/07\/DSC_0277-450x300.jpg 450w\" sizes=\"(max-width: 2000px) 100vw, 2000px\" \/>\t\t\t\t\t\t\t\t<\/a>\n\t\t\t\t\t\t\t\t\t\t\t\t\t\t\t<\/div>\n\t\t\t\t<\/div>\n\t\t\t\t\t<\/div>\n\t\t<\/div>\n\t\t\t\t\t<\/div>\n\t\t<\/section>\n\t\t\t\t<section class=\"elementor-section elementor-top-section elementor-element elementor-element-712281c elementor-section-boxed elementor-section-height-default elementor-section-height-default\" data-id=\"712281c\" data-element_type=\"section\" data-e-type=\"section\">\n\t\t\t\t\t\t<div class=\"elementor-container elementor-column-gap-default\">\n\t\t\t\t\t<div class=\"elementor-column elementor-col-100 elementor-top-column elementor-element elementor-element-940576c\" data-id=\"940576c\" data-element_type=\"column\" data-e-type=\"column\">\n\t\t\t<div class=\"elementor-widget-wrap\">\n\t\t\t\t\t\t\t<\/div>\n\t\t<\/div>\n\t\t\t\t\t<\/div>\n\t\t<\/section>\n\t\t\t\t<section class=\"elementor-section elementor-top-section elementor-element elementor-element-2c2914d elementor-section-boxed elementor-section-height-default elementor-section-height-default\" data-id=\"2c2914d\" data-element_type=\"section\" data-e-type=\"section\" data-settings=\"{&quot;background_background&quot;:&quot;classic&quot;}\">\n\t\t\t\t\t\t<div class=\"elementor-container elementor-column-gap-default\">\n\t\t\t\t\t<div class=\"elementor-column elementor-col-100 elementor-top-column elementor-element elementor-element-354b0e1\" data-id=\"354b0e1\" data-element_type=\"column\" data-e-type=\"column\">\n\t\t\t<div class=\"elementor-widget-wrap elementor-element-populated\">\n\t\t\t\t\t\t<div class=\"elementor-element elementor-element-d9c7438 elementor-widget elementor-widget-spacer\" data-id=\"d9c7438\" data-element_type=\"widget\" data-e-type=\"widget\" data-widget_type=\"spacer.default\">\n\t\t\t\t<div class=\"elementor-widget-container\">\n\t\t\t\t\t\t\t<div class=\"elementor-spacer\">\n\t\t\t<div class=\"elementor-spacer-inner\"><\/div>\n\t\t<\/div>\n\t\t\t\t\t\t<\/div>\n\t\t\t\t<\/div>\n\t\t\t\t<div class=\"elementor-element elementor-element-55f3697 animated-slow elementor-invisible elementor-widget elementor-widget-heading\" data-id=\"55f3697\" data-element_type=\"widget\" data-e-type=\"widget\" data-settings=\"{&quot;_animation&quot;:&quot;fadeIn&quot;,&quot;_animation_delay&quot;:300}\" data-widget_type=\"heading.default\">\n\t\t\t\t<div class=\"elementor-widget-container\">\n\t\t\t\t\t<h2 class=\"elementor-heading-title elementor-size-xl\">Brandaktuelles<\/h2>\t\t\t\t<\/div>\n\t\t\t\t<\/div>\n\t\t\t\t<div class=\"elementor-element elementor-element-8fbdde8 elementor-widget elementor-widget-elementskit-blog-posts\" data-id=\"8fbdde8\" data-element_type=\"widget\" data-e-type=\"widget\" data-widget_type=\"elementskit-blog-posts.default\">\n\t\t\t\t<div class=\"elementor-widget-container\">\n\t\t\t\t\t<div class=\"ekit-wid-con\" >        <div id=\"post-items--8fbdde8\" class=\"row post-items\">\n                    <div class=\"col-lg-4 col-md-6\">\n\n                                    <div class=\"elementskit-post-image-card\">\n                        <div class=\"elementskit-entry-header\">\n                            \n                            \n\t\t\t\t\t\t\t\t\t\t\t\t\t<\/div><!-- .elementskit-entry-header END -->\n\n\t\t\t\t\t\t<div class=\"elementskit-post-body \">\n\t\t\t\t\t\t\t\n\t\t\t\t\t\t\t\t\t\t\t\t\t\t\t\t\t\t\t\t\t\t\t\t\t\t\t\t<div class=\"post-meta-list\">\n\t\t\t\t\t\t\t\t\t\t\t\t\t\t\t\t\t\t\t\t\t\t\t\t\t\t\t\t\t\t\t\t<span class=\"meta-date\">\n\t\t\t\t\t\t\t\t\t\t<i aria-hidden=\"true\" class=\"far fa-calendar\"><\/i>\t\t\t\t\t\t\t\t\t\t<span class=\"meta-date-text\">\n\t\t\t\t\t\t\t\t\t\t\t27. April 2026\t\t\t\t\t\t\t\t\t\t<\/span>\n\t\t\t\t\t\t\t\t\t<\/span>\n\t\t\t\t\t\t\t\t\t\t\t\t\t\t\t\t\t\t\t\t\t\t\t\t\t\t\t\t\t\t\t\t\t\t\t\t\t<\/div>\n\t\t\t\t\t\t\t\t\t\t\t\t\t\n\t\t\t\t\t\t\t\t\n\t\t\t\t\t\t\t\t\t\t\t\t\t\t\t\t\t\t\t\t\t<h2 class=\"entry-title\">\n\t\t\t\t\t<a href=\"https:\/\/www.fw-pfaffenhofen-glonn.de\/index.php\/2026\/04\/27\/wir-feiern-die-kinderflamme-und-ein-jahr-kinderfeuerwehr\/\">\n\t\t\t\t\t\tWir feiern die Kinderflamme und&hellip;\t\t\t\t\t<\/a>\n\t\t\t\t<\/h2>\n\t\t\t\t\t\t\t\t\t\t\t\t\t\t\t\t\t\t\t\t\t\t\t\t\t\t\t\t\t\t\t\t                                                            <div class=\"btn-wraper\">\n                                                                            <a class=\"elementskit-btn whitespace--normal\" id=\"\" href=\"https:\/\/www.fw-pfaffenhofen-glonn.de\/index.php\/2026\/04\/27\/wir-feiern-die-kinderflamme-und-ein-jahr-kinderfeuerwehr\/\">\n                                            Weiterlesen                                            <i aria-hidden=\"true\" class=\"fas fa-angle-right\"><\/i>                                        <\/a>\n                                    \n                                                                    <\/div>\n                                                    <\/div><!-- .elementskit-post-body END -->\n                    <\/div>\n                \n            <\/div>\n                    <div class=\"col-lg-4 col-md-6\">\n\n                                    <div class=\"elementskit-post-image-card\">\n                        <div class=\"elementskit-entry-header\">\n                            \n                            \n\t\t\t\t\t\t\t\t\t\t\t\t\t<\/div><!-- .elementskit-entry-header END -->\n\n\t\t\t\t\t\t<div class=\"elementskit-post-body \">\n\t\t\t\t\t\t\t\n\t\t\t\t\t\t\t\t\t\t\t\t\t\t\t\t\t\t\t\t\t\t\t\t\t\t\t\t<div class=\"post-meta-list\">\n\t\t\t\t\t\t\t\t\t\t\t\t\t\t\t\t\t\t\t\t\t\t\t\t\t\t\t\t\t\t\t\t<span class=\"meta-date\">\n\t\t\t\t\t\t\t\t\t\t<i aria-hidden=\"true\" class=\"far fa-calendar\"><\/i>\t\t\t\t\t\t\t\t\t\t<span class=\"meta-date-text\">\n\t\t\t\t\t\t\t\t\t\t\t22. April 2026\t\t\t\t\t\t\t\t\t\t<\/span>\n\t\t\t\t\t\t\t\t\t<\/span>\n\t\t\t\t\t\t\t\t\t\t\t\t\t\t\t\t\t\t\t\t\t\t\t\t\t\t\t\t\t\t\t\t\t\t\t\t\t<\/div>\n\t\t\t\t\t\t\t\t\t\t\t\t\t\n\t\t\t\t\t\t\t\t\n\t\t\t\t\t\t\t\t\t\t\t\t\t\t\t\t\t\t\t\t\t<h2 class=\"entry-title\">\n\t\t\t\t\t<a href=\"https:\/\/www.fw-pfaffenhofen-glonn.de\/index.php\/2026\/04\/22\/e\/\">\n\t\t\t\t\t\tEine neue Truppfrau und 6&hellip;\t\t\t\t\t<\/a>\n\t\t\t\t<\/h2>\n\t\t\t\t\t\t\t\t\t\t\t\t\t\t\t\t\t\t\t\t\t\t\t\t\t\t\t\t\t\t\t\t                                                            <div class=\"btn-wraper\">\n                                                                            <a class=\"elementskit-btn whitespace--normal\" id=\"\" href=\"https:\/\/www.fw-pfaffenhofen-glonn.de\/index.php\/2026\/04\/22\/e\/\">\n                                            Weiterlesen                                            <i aria-hidden=\"true\" class=\"fas fa-angle-right\"><\/i>                                        <\/a>\n                                    \n                                                                    <\/div>\n                                                    <\/div><!-- .elementskit-post-body END -->\n                    <\/div>\n                \n            <\/div>\n                    <div class=\"col-lg-4 col-md-6\">\n\n                                    <div class=\"elementskit-post-image-card\">\n                        <div class=\"elementskit-entry-header\">\n                            \n                            \n\t\t\t\t\t\t\t\t\t\t\t\t\t<\/div><!-- .elementskit-entry-header END -->\n\n\t\t\t\t\t\t<div class=\"elementskit-post-body \">\n\t\t\t\t\t\t\t\n\t\t\t\t\t\t\t\t\t\t\t\t\t\t\t\t\t\t\t\t\t\t\t\t\t\t\t\t<div class=\"post-meta-list\">\n\t\t\t\t\t\t\t\t\t\t\t\t\t\t\t\t\t\t\t\t\t\t\t\t\t\t\t\t\t\t\t\t<span class=\"meta-date\">\n\t\t\t\t\t\t\t\t\t\t<i aria-hidden=\"true\" class=\"far fa-calendar\"><\/i>\t\t\t\t\t\t\t\t\t\t<span class=\"meta-date-text\">\n\t\t\t\t\t\t\t\t\t\t\t15. April 2026\t\t\t\t\t\t\t\t\t\t<\/span>\n\t\t\t\t\t\t\t\t\t<\/span>\n\t\t\t\t\t\t\t\t\t\t\t\t\t\t\t\t\t\t\t\t\t\t\t\t\t\t\t\t\t\t\t\t\t\t\t\t\t<\/div>\n\t\t\t\t\t\t\t\t\t\t\t\t\t\n\t\t\t\t\t\t\t\t\n\t\t\t\t\t\t\t\t\t\t\t\t\t\t\t\t\t\t\t\t\t<h2 class=\"entry-title\">\n\t\t\t\t\t<a href=\"https:\/\/www.fw-pfaffenhofen-glonn.de\/index.php\/2026\/04\/15\/fr\/\">\n\t\t\t\t\t\tFr\u00fchjahrs\u00fcbung\t\t\t\t\t<\/a>\n\t\t\t\t<\/h2>\n\t\t\t\t\t\t\t\t\t\t\t\t\t\t\t\t\t\t\t\t\t\t\t\t\t\t\t\t\t\t\t\t                                                            <div class=\"btn-wraper\">\n                                                                            <a class=\"elementskit-btn whitespace--normal\" id=\"\" href=\"https:\/\/www.fw-pfaffenhofen-glonn.de\/index.php\/2026\/04\/15\/fr\/\">\n                                            Weiterlesen                                            <i aria-hidden=\"true\" class=\"fas fa-angle-right\"><\/i>                                        <\/a>\n                                    \n                                                                    <\/div>\n                                                    <\/div><!-- .elementskit-post-body END -->\n                    <\/div>\n                \n            <\/div>\n                    <div class=\"col-lg-4 col-md-6\">\n\n                                    <div class=\"elementskit-post-image-card\">\n                        <div class=\"elementskit-entry-header\">\n                            \n                            \n\t\t\t\t\t\t\t\t\t\t\t\t\t<\/div><!-- .elementskit-entry-header END -->\n\n\t\t\t\t\t\t<div class=\"elementskit-post-body \">\n\t\t\t\t\t\t\t\n\t\t\t\t\t\t\t\t\t\t\t\t\t\t\t\t\t\t\t\t\t\t\t\t\t\t\t\t<div class=\"post-meta-list\">\n\t\t\t\t\t\t\t\t\t\t\t\t\t\t\t\t\t\t\t\t\t\t\t\t\t\t\t\t\t\t\t\t<span class=\"meta-date\">\n\t\t\t\t\t\t\t\t\t\t<i aria-hidden=\"true\" class=\"far fa-calendar\"><\/i>\t\t\t\t\t\t\t\t\t\t<span class=\"meta-date-text\">\n\t\t\t\t\t\t\t\t\t\t\t7. Februar 2026\t\t\t\t\t\t\t\t\t\t<\/span>\n\t\t\t\t\t\t\t\t\t<\/span>\n\t\t\t\t\t\t\t\t\t\t\t\t\t\t\t\t\t\t\t\t\t\t\t\t\t\t\t\t\t\t\t\t\t\t\t\t\t<\/div>\n\t\t\t\t\t\t\t\t\t\t\t\t\t\n\t\t\t\t\t\t\t\t\n\t\t\t\t\t\t\t\t\t\t\t\t\t\t\t\t\t\t\t\t\t<h2 class=\"entry-title\">\n\t\t\t\t\t<a href=\"https:\/\/www.fw-pfaffenhofen-glonn.de\/index.php\/2026\/02\/07\/helferfest-31-januar\/\">\n\t\t\t\t\t\tHelferfest (31. Januar)\t\t\t\t\t<\/a>\n\t\t\t\t<\/h2>\n\t\t\t\t\t\t\t\t\t\t\t\t\t\t\t\t\t\t\t\t\t\t\t\t\t\t\t\t\t\t\t\t                                                            <div class=\"btn-wraper\">\n                                                                            <a class=\"elementskit-btn whitespace--normal\" id=\"\" href=\"https:\/\/www.fw-pfaffenhofen-glonn.de\/index.php\/2026\/02\/07\/helferfest-31-januar\/\">\n                                            Weiterlesen                                            <i aria-hidden=\"true\" class=\"fas fa-angle-right\"><\/i>                                        <\/a>\n                                    \n                                                                    <\/div>\n                                                    <\/div><!-- .elementskit-post-body END -->\n                    <\/div>\n                \n            <\/div>\n                    <div class=\"col-lg-4 col-md-6\">\n\n                                    <div class=\"elementskit-post-image-card\">\n                        <div class=\"elementskit-entry-header\">\n                            \n                            \n\t\t\t\t\t\t\t\t\t\t\t\t\t<\/div><!-- .elementskit-entry-header END -->\n\n\t\t\t\t\t\t<div class=\"elementskit-post-body \">\n\t\t\t\t\t\t\t\n\t\t\t\t\t\t\t\t\t\t\t\t\t\t\t\t\t\t\t\t\t\t\t\t\t\t\t\t<div class=\"post-meta-list\">\n\t\t\t\t\t\t\t\t\t\t\t\t\t\t\t\t\t\t\t\t\t\t\t\t\t\t\t\t\t\t\t\t<span class=\"meta-date\">\n\t\t\t\t\t\t\t\t\t\t<i aria-hidden=\"true\" class=\"far fa-calendar\"><\/i>\t\t\t\t\t\t\t\t\t\t<span class=\"meta-date-text\">\n\t\t\t\t\t\t\t\t\t\t\t2. November 2025\t\t\t\t\t\t\t\t\t\t<\/span>\n\t\t\t\t\t\t\t\t\t<\/span>\n\t\t\t\t\t\t\t\t\t\t\t\t\t\t\t\t\t\t\t\t\t\t\t\t\t\t\t\t\t\t\t\t\t\t\t\t\t<\/div>\n\t\t\t\t\t\t\t\t\t\t\t\t\t\n\t\t\t\t\t\t\t\t\n\t\t\t\t\t\t\t\t\t\t\t\t\t\t\t\t\t\t\t\t\t<h2 class=\"entry-title\">\n\t\t\t\t\t<a href=\"https:\/\/www.fw-pfaffenhofen-glonn.de\/index.php\/2025\/11\/02\/neues-fahrzeug-fuer-die-ff-pfaffenhofen-a-d-glonn\/\">\n\t\t\t\t\t\tNeues Fahrzeug f\u00fcr die FF&hellip;\t\t\t\t\t<\/a>\n\t\t\t\t<\/h2>\n\t\t\t\t\t\t\t\t\t\t\t\t\t\t\t\t\t\t\t\t\t\t\t\t\t\t\t\t\t\t\t\t                                                            <div class=\"btn-wraper\">\n                                                                            <a class=\"elementskit-btn whitespace--normal\" id=\"\" href=\"https:\/\/www.fw-pfaffenhofen-glonn.de\/index.php\/2025\/11\/02\/neues-fahrzeug-fuer-die-ff-pfaffenhofen-a-d-glonn\/\">\n                                            Weiterlesen                                            <i aria-hidden=\"true\" class=\"fas fa-angle-right\"><\/i>                                        <\/a>\n                                    \n                                                                    <\/div>\n                                                    <\/div><!-- .elementskit-post-body END -->\n                    <\/div>\n                \n            <\/div>\n                    <div class=\"col-lg-4 col-md-6\">\n\n                                    <div class=\"elementskit-post-image-card\">\n                        <div class=\"elementskit-entry-header\">\n                            \n                            \n\t\t\t\t\t\t\t\t\t\t\t\t\t<\/div><!-- .elementskit-entry-header END -->\n\n\t\t\t\t\t\t<div class=\"elementskit-post-body \">\n\t\t\t\t\t\t\t\n\t\t\t\t\t\t\t\t\t\t\t\t\t\t\t\t\t\t\t\t\t\t\t\t\t\t\t\t<div class=\"post-meta-list\">\n\t\t\t\t\t\t\t\t\t\t\t\t\t\t\t\t\t\t\t\t\t\t\t\t\t\t\t\t\t\t\t\t<span class=\"meta-date\">\n\t\t\t\t\t\t\t\t\t\t<i aria-hidden=\"true\" class=\"far fa-calendar\"><\/i>\t\t\t\t\t\t\t\t\t\t<span class=\"meta-date-text\">\n\t\t\t\t\t\t\t\t\t\t\t12. Oktober 2025\t\t\t\t\t\t\t\t\t\t<\/span>\n\t\t\t\t\t\t\t\t\t<\/span>\n\t\t\t\t\t\t\t\t\t\t\t\t\t\t\t\t\t\t\t\t\t\t\t\t\t\t\t\t\t\t\t\t\t\t\t\t\t<\/div>\n\t\t\t\t\t\t\t\t\t\t\t\t\t\n\t\t\t\t\t\t\t\t\n\t\t\t\t\t\t\t\t\t\t\t\t\t\t\t\t\t\t\t\t\t<h2 class=\"entry-title\">\n\t\t\t\t\t<a href=\"https:\/\/www.fw-pfaffenhofen-glonn.de\/index.php\/2025\/10\/12\/jugendkegelturnier-der-kreisbrandinspektion\/\">\n\t\t\t\t\t\tJugendkegelturnier der Kreisbrandinspektion\t\t\t\t\t<\/a>\n\t\t\t\t<\/h2>\n\t\t\t\t\t\t\t\t\t\t\t\t\t\t\t\t\t\t\t\t\t\t\t\t\t\t\t\t\t\t\t\t                                                            <div class=\"btn-wraper\">\n                                                                            <a class=\"elementskit-btn whitespace--normal\" id=\"\" href=\"https:\/\/www.fw-pfaffenhofen-glonn.de\/index.php\/2025\/10\/12\/jugendkegelturnier-der-kreisbrandinspektion\/\">\n                                            Weiterlesen                                            <i aria-hidden=\"true\" class=\"fas fa-angle-right\"><\/i>                                        <\/a>\n                                    \n                                                                    <\/div>\n                                                    <\/div><!-- .elementskit-post-body END -->\n                    <\/div>\n                \n            <\/div>\n                <\/div>\n       <\/div>\t\t\t\t<\/div>\n\t\t\t\t<\/div>\n\t\t\t\t<div class=\"elementor-element elementor-element-36413fe elementor-align-center elementor-widget elementor-widget-button\" data-id=\"36413fe\" data-element_type=\"widget\" data-e-type=\"widget\" data-widget_type=\"button.default\">\n\t\t\t\t<div class=\"elementor-widget-container\">\n\t\t\t\t\t\t\t\t\t<div class=\"elementor-button-wrapper\">\n\t\t\t\t\t<a class=\"elementor-button elementor-button-link elementor-size-lg elementor-animation-grow\" href=\"https:\/\/www.fw-pfaffenhofen-glonn.de\/index.php\/aktuelles\/\">\n\t\t\t\t\t\t<span class=\"elementor-button-content-wrapper\">\n\t\t\t\t\t\t\t\t\t<span class=\"elementor-button-text\">Alle Beitr\u00e4ge<\/span>\n\t\t\t\t\t<\/span>\n\t\t\t\t\t<\/a>\n\t\t\t\t<\/div>\n\t\t\t\t\t\t\t\t<\/div>\n\t\t\t\t<\/div>\n\t\t\t\t<div class=\"elementor-element elementor-element-002c4f4 elementor-widget elementor-widget-spacer\" data-id=\"002c4f4\" data-element_type=\"widget\" data-e-type=\"widget\" data-widget_type=\"spacer.default\">\n\t\t\t\t<div class=\"elementor-widget-container\">\n\t\t\t\t\t\t\t<div class=\"elementor-spacer\">\n\t\t\t<div class=\"elementor-spacer-inner\"><\/div>\n\t\t<\/div>\n\t\t\t\t\t\t<\/div>\n\t\t\t\t<\/div>\n\t\t\t\t\t<\/div>\n\t\t<\/div>\n\t\t\t\t\t<\/div>\n\t\t<\/section>\n\t\t\t\t<section class=\"elementor-section elementor-top-section elementor-element elementor-element-46a51dc elementor-section-boxed elementor-section-height-default elementor-section-height-default\" data-id=\"46a51dc\" data-element_type=\"section\" data-e-type=\"section\" data-settings=\"{&quot;background_background&quot;:&quot;classic&quot;}\">\n\t\t\t\t\t\t<div class=\"elementor-container elementor-column-gap-default\">\n\t\t\t\t\t<div class=\"elementor-column elementor-col-100 elementor-top-column elementor-element elementor-element-b61db2f\" data-id=\"b61db2f\" data-element_type=\"column\" data-e-type=\"column\">\n\t\t\t<div class=\"elementor-widget-wrap elementor-element-populated\">\n\t\t\t\t\t\t<div class=\"elementor-element elementor-element-dab3305 elementor-widget elementor-widget-heading\" data-id=\"dab3305\" data-element_type=\"widget\" data-e-type=\"widget\" data-widget_type=\"heading.default\">\n\t\t\t\t<div class=\"elementor-widget-container\">\n\t\t\t\t\t<span class=\"elementor-heading-title elementor-size-default\"><h2 id=\"jugend\" class=\"elementor-heading-title elementor-size-default\">M\u00f6chtest auch Du zur Jugendfeuerwehr?<\/h2><\/span>\t\t\t\t<\/div>\n\t\t\t\t<\/div>\n\t\t\t\t<div class=\"elementor-element elementor-element-46f9f78 elementor-widget elementor-widget-text-editor\" data-id=\"46f9f78\" data-element_type=\"widget\" data-e-type=\"widget\" data-widget_type=\"text-editor.default\">\n\t\t\t\t<div class=\"elementor-widget-container\">\n\t\t\t\t\t\t\t\t\t<p>Du bist 14 Jahre oder \u00e4lter?\u00a0 Dann melde Dich jetzt unverbindlich an &#8211; wir starten noch in diesem Jahr eine neue Gruppe!\u00a0<\/p><p>Wir treffen uns ca. 1x monatlich, bei anstehenden Pr\u00fcfungen auch \u00f6fters. Weitere Informationen gibt es hier: <a href=\"https:\/\/www.fw-pfaffenhofen-glonn.de\/index.php\/jugendfeuerwehr\/\">Jugendfeuerwehr<\/a>.\u00a0<\/p>\t\t\t\t\t\t\t\t<\/div>\n\t\t\t\t<\/div>\n\t\t\t\t<div class=\"elementor-element elementor-element-6ee5530 animated-slow elementor-invisible elementor-widget elementor-widget-image\" data-id=\"6ee5530\" data-element_type=\"widget\" data-e-type=\"widget\" data-settings=\"{&quot;_animation&quot;:&quot;zoomIn&quot;,&quot;_animation_delay&quot;:100}\" data-widget_type=\"image.default\">\n\t\t\t\t<div class=\"elementor-widget-container\">\n\t\t\t\t\t\t\t\t\t\t\t\t\t\t\t<img loading=\"lazy\" decoding=\"async\" width=\"768\" height=\"273\" src=\"https:\/\/www.fw-pfaffenhofen-glonn.de\/wp-content\/uploads\/2023\/10\/jugendfeuerwehr.png\" class=\"attachment-large size-large wp-image-1885\" alt=\"Komm zur Jugendfeuerwehr\" srcset=\"https:\/\/www.fw-pfaffenhofen-glonn.de\/wp-content\/uploads\/2023\/10\/jugendfeuerwehr.png 768w, https:\/\/www.fw-pfaffenhofen-glonn.de\/wp-content\/uploads\/2023\/10\/jugendfeuerwehr-300x107.png 300w\" sizes=\"(max-width: 768px) 100vw, 768px\" \/>\t\t\t\t\t\t\t\t\t\t\t\t\t\t\t<\/div>\n\t\t\t\t<\/div>\n\t\t\t\t<section class=\"elementor-section elementor-inner-section elementor-element elementor-element-1ea3803 elementor-section-boxed elementor-section-height-default elementor-section-height-default\" data-id=\"1ea3803\" data-element_type=\"section\" data-e-type=\"section\">\n\t\t\t\t\t\t<div class=\"elementor-container elementor-column-gap-default\">\n\t\t\t\t\t<div class=\"elementor-column elementor-col-50 elementor-inner-column elementor-element elementor-element-e49e7d0\" data-id=\"e49e7d0\" data-element_type=\"column\" data-e-type=\"column\">\n\t\t\t<div class=\"elementor-widget-wrap elementor-element-populated\">\n\t\t\t\t\t\t<div class=\"elementor-element elementor-element-709eff0 elementor-widget elementor-widget-heading\" data-id=\"709eff0\" data-element_type=\"widget\" data-e-type=\"widget\" data-widget_type=\"heading.default\">\n\t\t\t\t<div class=\"elementor-widget-container\">\n\t\t\t\t\t<h3 class=\"elementor-heading-title elementor-size-large\">Komm zu uns!<\/h3>\t\t\t\t<\/div>\n\t\t\t\t<\/div>\n\t\t\t\t<div class=\"elementor-element elementor-element-1f7490b elementor-view-framed elementor-shape-circle elementor-widget elementor-widget-icon\" data-id=\"1f7490b\" data-element_type=\"widget\" data-e-type=\"widget\" data-widget_type=\"icon.default\">\n\t\t\t\t<div class=\"elementor-widget-container\">\n\t\t\t\t\t\t\t<div class=\"elementor-icon-wrapper\">\n\t\t\t<div class=\"elementor-icon\">\n\t\t\t<i aria-hidden=\"true\" class=\"fas fa-fire-extinguisher\"><\/i>\t\t\t<\/div>\n\t\t<\/div>\n\t\t\t\t\t\t<\/div>\n\t\t\t\t<\/div>\n\t\t\t\t\t<\/div>\n\t\t<\/div>\n\t\t\t\t<div class=\"elementor-column elementor-col-50 elementor-inner-column elementor-element elementor-element-071b382\" data-id=\"071b382\" data-element_type=\"column\" data-e-type=\"column\">\n\t\t\t<div class=\"elementor-widget-wrap elementor-element-populated\">\n\t\t\t\t\t\t<div class=\"elementor-element elementor-element-06a3987 elementor-widget elementor-widget-shortcode\" data-id=\"06a3987\" data-element_type=\"widget\" data-e-type=\"widget\" data-widget_type=\"shortcode.default\">\n\t\t\t\t<div class=\"elementor-widget-container\">\n\t\t\t\t\t\t\t<div class=\"elementor-shortcode\"><div class=\"frm_forms  with_frm_style frm_style_formidable-style\" id=\"frm_form_1_container\" data-token=\"1a9aac16a45c7b2c0bc5c0565a591aa4\">\n<form enctype=\"multipart\/form-data\" method=\"post\" class=\"frm-show-form \" id=\"form_jugendfw-interesse\" data-token=\"1a9aac16a45c7b2c0bc5c0565a591aa4\">\n<div class=\"frm_form_fields \">\n<fieldset>\n<legend class=\"frm_screen_reader\">jugendfw-interesse<\/legend>\r\n\r\n<div class=\"frm_fields_container\">\n<input type=\"hidden\" name=\"frm_action\" value=\"create\" \/>\n<input type=\"hidden\" name=\"form_id\" value=\"1\" \/>\n<input type=\"hidden\" name=\"frm_hide_fields_1\" id=\"frm_hide_fields_1\" value=\"\" \/>\n<input type=\"hidden\" name=\"form_key\" value=\"jugendfw-interesse\" \/>\n<input type=\"hidden\" name=\"item_meta[0]\" value=\"\" \/>\n<input type=\"hidden\" id=\"frm_submit_entry_1\" name=\"frm_submit_entry_1\" value=\"a1787dc7fd\" \/><input type=\"hidden\" name=\"_wp_http_referer\" value=\"\/index.php\/wp-json\/wp\/v2\/pages\/14\" \/><div id=\"frm_field_8_container\" class=\"frm_form_field form-field  frm_required_field frm_top_container frm6 frm_first\">\r\n    <label for=\"field_5t57o\" id=\"field_5t57o_label\" class=\"frm_primary_label\">Name\r\n        <span class=\"frm_required\" aria-hidden=\"true\">*<\/span>\r\n    <\/label>\r\n    <input type=\"text\" id=\"field_5t57o\" name=\"item_meta[8]\" value=\"\"  data-reqmsg=\"Name kann nicht leer sein.\" aria-required=\"true\" data-invmsg=\"Text ist ung\u00fcltig\" aria-invalid=\"false\"  \/>\r\n    \r\n    \r\n<\/div>\n<div id=\"frm_field_9_container\" class=\"frm_form_field form-field  frm_required_field frm_top_container frm6\">\r\n    <label for=\"field_zptt2\" id=\"field_zptt2_label\" class=\"frm_primary_label\">Geburtsjahr\r\n        <span class=\"frm_required\" aria-hidden=\"true\">*<\/span>\r\n    <\/label>\r\n    <input type=\"number\" id=\"field_zptt2\" name=\"item_meta[9]\" value=\"\"  data-reqmsg=\"Geburtsjahr kann nicht leer sein.\" aria-required=\"true\" data-invmsg=\"Zahl ist ung\u00fcltig\" aria-invalid=\"false\"   min=\"0\" max=\"9999999\" step=\"any\"\/>\r\n    \r\n    \r\n<\/div>\n<div id=\"frm_field_4_container\" class=\"frm_form_field form-field  frm_required_field frm_top_container frm6 frm_first\">\r\n    <label for=\"field_bvv60\" id=\"field_bvv60_label\" class=\"frm_primary_label\">E-Mail\r\n        <span class=\"frm_required\" aria-hidden=\"true\">*<\/span>\r\n    <\/label>\r\n    <input type=\"email\" id=\"field_bvv60\" name=\"item_meta[4]\" value=\"\"  data-reqmsg=\"E-Mail kann nicht leer sein.\" aria-required=\"true\" data-invmsg=\"E-Mail ist ung\u00fcltig\" aria-invalid=\"false\"  \/>\r\n    \r\n    \r\n<\/div>\n<div id=\"frm_field_10_container\" class=\"frm_form_field form-field  frm_top_container frm6\">\r\n    <label for=\"field_zl0jn\" id=\"field_zl0jn_label\" class=\"frm_primary_label\">Handynummer\r\n        <span class=\"frm_required\" aria-hidden=\"true\"><\/span>\r\n    <\/label>\r\n    <input type=\"tel\" id=\"field_zl0jn\" name=\"item_meta[10]\" value=\"\"  data-invmsg=\"Telefon ist ung\u00fcltig\" aria-invalid=\"false\" pattern=\"((\\+\\d{1,3}(-|.| )?\\(?\\d\\)?(-| |.)?\\d{1,5})|(\\(?\\d{2,6}\\)?))(-|.| )?(\\d{3,4})(-|.| )?(\\d{4})(( x| ext)\\d{1,5}){0,1}$\"  \/>\r\n    \r\n    \r\n<\/div>\n<div id=\"frm_field_11_container\" class=\"frm_form_field form-field  frm_required_field frm_top_container vertical_radio\">\r\n    <div  id=\"field_jnslz_label\" class=\"frm_primary_label\">Datenschutz\r\n        <span class=\"frm_required\" aria-hidden=\"true\">*<\/span>\r\n    <\/div>\r\n    <div class=\"frm_opt_container\" aria-labelledby=\"field_jnslz_label\" role=\"group\">\t\t<div class=\"frm_checkbox\" id=\"frm_checkbox_11-0\">\t\t\t<label  for=\"field_jnslz-0\">\n\t\t\t<input type=\"checkbox\" name=\"item_meta[11][]\" id=\"field_jnslz-0\" value=\"Mit dem Abschicken des Formulars best\u00e4tige ich, dass f\u00fcr die Kontaktaufnahme und die \u00dcberpr\u00fcfung der Berechtigung personenbezogene Daten nach den Bestimmungen der Datenschutzgrundverordnung (DSGVO) genutzt und gespeichert werden. Mehr Informationen dazu finden Sie in unserem Impressum, Punkt Datenschutz.\"  data-reqmsg=\"Datenschutz kann nicht leer sein.\" data-invmsg=\"Datenschutz ist ung\u00fcltig\"   aria-required=\"true\"  \/> Mit dem Abschicken des Formulars best\u00e4tige ich, dass f\u00fcr die Kontaktaufnahme und die \u00dcberpr\u00fcfung der Berechtigung personenbezogene Daten nach den Bestimmungen der Datenschutzgrundverordnung (DSGVO) genutzt und gespeichert werden. Mehr Informationen dazu finden Sie in unserem Impressum, Punkt Datenschutz.<\/label><\/div>\n<\/div>\r\n    \r\n    \r\n<\/div>\n<div id=\"frm_field_12_container\" class=\"frm_form_field form-field \">\n\t<div class=\"frm_submit\">\r\n\r\n<button class=\"frm_button_submit\" type=\"submit\"  >Eintrag speichern<\/button>\r\n\r\n\r\n<\/div>\n<\/div>\n<div id=\"frm_field_13_container\" class=\"frm_form_field form-field  frm_none_container\">\n\t<label for=\"g-recaptcha-response\" id=\"field_e3sx7_label\" class=\"frm_primary_label\">Captcha\n\t\t<span class=\"frm_required\" aria-hidden=\"true\"><\/span>\n\t<\/label>\n\t<div  id=\"field_e3sx7\" class=\"frm-g-recaptcha\" data-sitekey=\"6Lfj6QsrAAAAAEykoEmDg8_wvUJ_j69Pu4SSGZGK\" data-size=\"normal\" data-theme=\"light\"><\/div>\n\t\n\t\n<\/div>\n\t<input type=\"hidden\" name=\"item_key\" value=\"\" \/>\n\t\t\t<div id=\"frm_field_14_container\">\n\t\t\t<label for=\"field_kgtoi\" >\n\t\t\t\tFalls Du menschlich bist, lasse dieses Feld leer.\t\t\t<\/label>\n\t\t\t<input  id=\"field_kgtoi\" type=\"text\" class=\"frm_form_field form-field frm_verify\" name=\"item_meta[14]\" value=\"\"  \/>\n\t\t<\/div>\n\t\t<input name=\"frm_state\" type=\"hidden\" value=\"Xysbbm8SIHakSO4OwdOvwVQxXPJmzKUxb6VMxF3oIHg=\" \/><\/div>\n<\/fieldset>\n<\/div>\n\n<\/form>\n<\/div>\n<\/div>\n\t\t\t\t\t\t<\/div>\n\t\t\t\t<\/div>\n\t\t\t\t<div class=\"elementor-element elementor-element-0350cc4 elementor-widget elementor-widget-text-editor\" data-id=\"0350cc4\" data-element_type=\"widget\" data-e-type=\"widget\" data-widget_type=\"text-editor.default\">\n\t\t\t\t<div class=\"elementor-widget-container\">\n\t\t\t\t\t\t\t\t\t<p>* Pflichtfelder<\/p>\t\t\t\t\t\t\t\t<\/div>\n\t\t\t\t<\/div>\n\t\t\t\t\t<\/div>\n\t\t<\/div>\n\t\t\t\t\t<\/div>\n\t\t<\/section>\n\t\t\t\t\t<\/div>\n\t\t<\/div>\n\t\t\t\t\t<\/div>\n\t\t<\/section>\n\t\t\t\t<section class=\"elementor-section elementor-top-section elementor-element elementor-element-8eade05 elementor-section-boxed elementor-section-height-default elementor-section-height-default\" data-id=\"8eade05\" data-element_type=\"section\" data-e-type=\"section\">\n\t\t\t\t\t\t<div class=\"elementor-container elementor-column-gap-default\">\n\t\t\t\t\t<div class=\"elementor-column elementor-col-50 elementor-top-column elementor-element elementor-element-7f63a8c\" data-id=\"7f63a8c\" data-element_type=\"column\" data-e-type=\"column\">\n\t\t\t<div class=\"elementor-widget-wrap elementor-element-populated\">\n\t\t\t\t\t\t<div class=\"elementor-element elementor-element-ea39841 elementor-widget elementor-widget-heading\" data-id=\"ea39841\" data-element_type=\"widget\" data-e-type=\"widget\" data-widget_type=\"heading.default\">\n\t\t\t\t<div class=\"elementor-widget-container\">\n\t\t\t\t\t<h2 class=\"elementor-heading-title elementor-size-default\">Dein Helm liegt bereit!<\/h2>\t\t\t\t<\/div>\n\t\t\t\t<\/div>\n\t\t\t\t<div class=\"elementor-element elementor-element-1e80e2d elementor-widget elementor-widget-text-editor\" data-id=\"1e80e2d\" data-element_type=\"widget\" data-e-type=\"widget\" data-widget_type=\"text-editor.default\">\n\t\t\t\t<div class=\"elementor-widget-container\">\n\t\t\t\t\t\t\t\t\t<p>Komm auch Du zur Feuerwehr und werde ein Trumpf unserer Gemeinde!\u00a0 Denn helfen ist Trumpf!<\/p>\t\t\t\t\t\t\t\t<\/div>\n\t\t\t\t<\/div>\n\t\t\t\t<div class=\"elementor-element elementor-element-a82ebe0 elementor-align-center elementor-widget elementor-widget-button\" data-id=\"a82ebe0\" data-element_type=\"widget\" data-e-type=\"widget\" data-widget_type=\"button.default\">\n\t\t\t\t<div class=\"elementor-widget-container\">\n\t\t\t\t\t\t\t\t\t<div class=\"elementor-button-wrapper\">\n\t\t\t\t\t<a class=\"elementor-button elementor-button-link elementor-size-md elementor-animation-grow\" href=\"https:\/\/www.fw-pfaffenhofen-glonn.de\/index.php\/werde-teil-des-teams\/\">\n\t\t\t\t\t\t<span class=\"elementor-button-content-wrapper\">\n\t\t\t\t\t\t\t\t\t<span class=\"elementor-button-text\">Komm zu uns<\/span>\n\t\t\t\t\t<\/span>\n\t\t\t\t\t<\/a>\n\t\t\t\t<\/div>\n\t\t\t\t\t\t\t\t<\/div>\n\t\t\t\t<\/div>\n\t\t\t\t\t<\/div>\n\t\t<\/div>\n\t\t\t\t<div class=\"elementor-column elementor-col-50 elementor-top-column elementor-element elementor-element-048d117\" data-id=\"048d117\" data-element_type=\"column\" data-e-type=\"column\">\n\t\t\t<div class=\"elementor-widget-wrap elementor-element-populated\">\n\t\t\t\t\t\t<div class=\"elementor-element elementor-element-04d1c83 animated-slow elementor-invisible elementor-widget elementor-widget-image\" data-id=\"04d1c83\" data-element_type=\"widget\" data-e-type=\"widget\" data-settings=\"{&quot;_animation&quot;:&quot;fadeInRight&quot;,&quot;_animation_delay&quot;:400}\" data-widget_type=\"image.default\">\n\t\t\t\t<div class=\"elementor-widget-container\">\n\t\t\t\t\t\t\t\t\t\t\t\t\t\t\t<img loading=\"lazy\" decoding=\"async\" width=\"768\" height=\"395\" src=\"https:\/\/www.fw-pfaffenhofen-glonn.de\/wp-content\/uploads\/2023\/07\/kampagne-helfenisttrumpf.jpg\" class=\"attachment-medium_large size-medium_large wp-image-1702\" alt=\"Helfen ist Trumpf - Komm zur Feuerwehr und hilf mit!\" srcset=\"https:\/\/www.fw-pfaffenhofen-glonn.de\/wp-content\/uploads\/2023\/07\/kampagne-helfenisttrumpf.jpg 768w, https:\/\/www.fw-pfaffenhofen-glonn.de\/wp-content\/uploads\/2023\/07\/kampagne-helfenisttrumpf-300x154.jpg 300w\" sizes=\"(max-width: 768px) 100vw, 768px\" \/>\t\t\t\t\t\t\t\t\t\t\t\t\t\t\t<\/div>\n\t\t\t\t<\/div>\n\t\t\t\t\t<\/div>\n\t\t<\/div>\n\t\t\t\t\t<\/div>\n\t\t<\/section>\n\t\t\t\t<section class=\"elementor-section elementor-top-section elementor-element elementor-element-9266fc1 elementor-section-height-min-height elementor-section-boxed elementor-section-height-default elementor-section-items-middle\" data-id=\"9266fc1\" data-element_type=\"section\" data-e-type=\"section\" data-settings=\"{&quot;background_background&quot;:&quot;classic&quot;}\">\n\t\t\t\t\t\t<div class=\"elementor-container elementor-column-gap-default\">\n\t\t\t\t\t<div class=\"elementor-column elementor-col-100 elementor-top-column elementor-element elementor-element-26e68aa\" data-id=\"26e68aa\" data-element_type=\"column\" data-e-type=\"column\">\n\t\t\t<div class=\"elementor-widget-wrap\">\n\t\t\t\t\t\t\t<\/div>\n\t\t<\/div>\n\t\t\t\t\t<\/div>\n\t\t<\/section>\n\t\t\t\t<\/div>\n\t\t","protected":false},"excerpt":{"rendered":"<p>Freiwillige Feuerwehr Pfaffenhofen a. d. Glonn Die Freiwillige Feuerwehr Pfaffenhofen a. d. Glonn ist, wie die \u00fcberwiegende Zahl an bayerischen und deutschen Feuerwehren, ehrenamtlich.In ganz Deutschland gibt es nur ca. 100 Berufsfeuerwehren, aber rund 25.000 freiwillige Feuerwehren.Den Einsatz- und \u00dcbungsdienst \u00fcbernehmen B\u00fcrger und B\u00fcrgerinnen der Gemeinde ehrenamtlich und unentgeltlich in Ihrer Freizeit.Tr\u00e4ger der FFW Pfaffenhofen [&hellip;]<\/p>\n","protected":false},"author":1,"featured_media":0,"parent":0,"menu_order":0,"comment_status":"closed","ping_status":"closed","template":"","meta":{"iawp_total_views":8698,"footnotes":""},"class_list":["post-14","page","type-page","status-publish","hentry"],"yoast_head":"<!-- This site is optimized with the Yoast SEO plugin v27.5 - https:\/\/yoast.com\/product\/yoast-seo-wordpress\/ -->\n<title>Freiwillige Feuerwehr Pfaffenhofen a. d. Glonn e.V. - Home<\/title>\n<meta name=\"description\" content=\"Die FFW Pfaffenhofen a. d. Glonn ist ehrenamtlich. Den Einsatz- und \u00dcbungsdienst \u00fcbernehmen B\u00fcrgerInnen der Gemeinde. Werde Teil des Teams!\" \/>\n<meta name=\"robots\" content=\"index, follow, max-snippet:-1, max-image-preview:large, max-video-preview:-1\" \/>\n<link rel=\"canonical\" href=\"https:\/\/www.fw-pfaffenhofen-glonn.de\/\" \/>\n<meta property=\"og:locale\" content=\"de_DE\" \/>\n<meta property=\"og:type\" content=\"article\" \/>\n<meta property=\"og:title\" content=\"Freiwillige Feuerwehr Pfaffenhofen a. d. Glonn e.V. - Home\" \/>\n<meta property=\"og:description\" content=\"Die FFW Pfaffenhofen a. d. Glonn ist ehrenamtlich. Den Einsatz- und \u00dcbungsdienst \u00fcbernehmen B\u00fcrgerInnen der Gemeinde. Werde Teil des Teams!\" \/>\n<meta property=\"og:url\" content=\"https:\/\/www.fw-pfaffenhofen-glonn.de\/\" \/>\n<meta property=\"og:site_name\" content=\"Freiwillige Feuerwehr Pfaffenhofen a. d. Glonn e.V.\" \/>\n<meta property=\"article:modified_time\" content=\"2026-03-05T17:49:10+00:00\" \/>\n<meta property=\"og:image\" content=\"https:\/\/www.fw-pfaffenhofen-glonn.de\/wp-content\/uploads\/2024\/11\/2024-05-e-thl3-egenburg-4-Mittel.jpg\" \/>\n\t<meta property=\"og:image:width\" content=\"1065\" \/>\n\t<meta property=\"og:image:height\" content=\"768\" \/>\n\t<meta property=\"og:image:type\" content=\"image\/jpeg\" \/>\n<meta name=\"twitter:card\" content=\"summary_large_image\" \/>\n<meta name=\"twitter:label1\" content=\"Gesch\u00e4tzte Lesezeit\" \/>\n\t<meta name=\"twitter:data1\" content=\"3\u00a0Minuten\" \/>\n<script type=\"application\/ld+json\" class=\"yoast-schema-graph\">{\"@context\":\"https:\\\/\\\/schema.org\",\"@graph\":[{\"@type\":\"WebPage\",\"@id\":\"https:\\\/\\\/www.fw-pfaffenhofen-glonn.de\\\/\",\"url\":\"https:\\\/\\\/www.fw-pfaffenhofen-glonn.de\\\/\",\"name\":\"Freiwillige Feuerwehr Pfaffenhofen a. d. Glonn e.V. - Home\",\"isPartOf\":{\"@id\":\"https:\\\/\\\/www.fw-pfaffenhofen-glonn.de\\\/#website\"},\"primaryImageOfPage\":{\"@id\":\"https:\\\/\\\/www.fw-pfaffenhofen-glonn.de\\\/#primaryimage\"},\"image\":{\"@id\":\"https:\\\/\\\/www.fw-pfaffenhofen-glonn.de\\\/#primaryimage\"},\"thumbnailUrl\":\"https:\\\/\\\/www.fw-pfaffenhofen-glonn.de\\\/wp-content\\\/uploads\\\/2024\\\/11\\\/2024-05-e-thl3-egenburg-4-Mittel-1024x738.jpg\",\"datePublished\":\"2020-10-04T08:02:40+00:00\",\"dateModified\":\"2026-03-05T17:49:10+00:00\",\"description\":\"Die FFW Pfaffenhofen a. d. Glonn ist ehrenamtlich. Den Einsatz- und \u00dcbungsdienst \u00fcbernehmen B\u00fcrgerInnen der Gemeinde. Werde Teil des Teams!\",\"breadcrumb\":{\"@id\":\"https:\\\/\\\/www.fw-pfaffenhofen-glonn.de\\\/#breadcrumb\"},\"inLanguage\":\"de\",\"potentialAction\":[{\"@type\":\"ReadAction\",\"target\":[\"https:\\\/\\\/www.fw-pfaffenhofen-glonn.de\\\/\"]}]},{\"@type\":\"ImageObject\",\"inLanguage\":\"de\",\"@id\":\"https:\\\/\\\/www.fw-pfaffenhofen-glonn.de\\\/#primaryimage\",\"url\":\"https:\\\/\\\/www.fw-pfaffenhofen-glonn.de\\\/wp-content\\\/uploads\\\/2024\\\/11\\\/2024-05-e-thl3-egenburg-4-Mittel.jpg\",\"contentUrl\":\"https:\\\/\\\/www.fw-pfaffenhofen-glonn.de\\\/wp-content\\\/uploads\\\/2024\\\/11\\\/2024-05-e-thl3-egenburg-4-Mittel.jpg\",\"width\":1065,\"height\":768},{\"@type\":\"BreadcrumbList\",\"@id\":\"https:\\\/\\\/www.fw-pfaffenhofen-glonn.de\\\/#breadcrumb\",\"itemListElement\":[{\"@type\":\"ListItem\",\"position\":1,\"name\":\"Startseite\",\"item\":\"https:\\\/\\\/www.fw-pfaffenhofen-glonn.de\\\/\"},{\"@type\":\"ListItem\",\"position\":2,\"name\":\"Home\"}]},{\"@type\":\"WebSite\",\"@id\":\"https:\\\/\\\/www.fw-pfaffenhofen-glonn.de\\\/#website\",\"url\":\"https:\\\/\\\/www.fw-pfaffenhofen-glonn.de\\\/\",\"name\":\"Freiwillige Feuerwehr Pfaffenhofen a. d. Glonn e.V.\",\"description\":\"\",\"publisher\":{\"@id\":\"https:\\\/\\\/www.fw-pfaffenhofen-glonn.de\\\/#organization\"},\"potentialAction\":[{\"@type\":\"SearchAction\",\"target\":{\"@type\":\"EntryPoint\",\"urlTemplate\":\"https:\\\/\\\/www.fw-pfaffenhofen-glonn.de\\\/?s={search_term_string}\"},\"query-input\":{\"@type\":\"PropertyValueSpecification\",\"valueRequired\":true,\"valueName\":\"search_term_string\"}}],\"inLanguage\":\"de\"},{\"@type\":\"Organization\",\"@id\":\"https:\\\/\\\/www.fw-pfaffenhofen-glonn.de\\\/#organization\",\"name\":\"Freiwillige Feuerwehr Pfaffenhofen a. d. Glonn e.V.\",\"url\":\"https:\\\/\\\/www.fw-pfaffenhofen-glonn.de\\\/\",\"logo\":{\"@type\":\"ImageObject\",\"inLanguage\":\"de\",\"@id\":\"https:\\\/\\\/www.fw-pfaffenhofen-glonn.de\\\/#\\\/schema\\\/logo\\\/image\\\/\",\"url\":\"https:\\\/\\\/www.fw-pfaffenhofen-glonn.de\\\/wp-content\\\/uploads\\\/2023\\\/06\\\/Feuerwehr-Pfaffenhofen-Logo-invertiert-header-2.png\",\"contentUrl\":\"https:\\\/\\\/www.fw-pfaffenhofen-glonn.de\\\/wp-content\\\/uploads\\\/2023\\\/06\\\/Feuerwehr-Pfaffenhofen-Logo-invertiert-header-2.png\",\"width\":1077,\"height\":500,\"caption\":\"Freiwillige Feuerwehr Pfaffenhofen a. d. Glonn e.V.\"},\"image\":{\"@id\":\"https:\\\/\\\/www.fw-pfaffenhofen-glonn.de\\\/#\\\/schema\\\/logo\\\/image\\\/\"}}]}<\/script>\n<!-- \/ Yoast SEO plugin. -->","yoast_head_json":{"title":"Freiwillige Feuerwehr Pfaffenhofen a. d. Glonn e.V. - Home","description":"Die FFW Pfaffenhofen a. d. Glonn ist ehrenamtlich. Den Einsatz- und \u00dcbungsdienst \u00fcbernehmen B\u00fcrgerInnen der Gemeinde. Werde Teil des Teams!","robots":{"index":"index","follow":"follow","max-snippet":"max-snippet:-1","max-image-preview":"max-image-preview:large","max-video-preview":"max-video-preview:-1"},"canonical":"https:\/\/www.fw-pfaffenhofen-glonn.de\/","og_locale":"de_DE","og_type":"article","og_title":"Freiwillige Feuerwehr Pfaffenhofen a. d. Glonn e.V. - Home","og_description":"Die FFW Pfaffenhofen a. d. Glonn ist ehrenamtlich. Den Einsatz- und \u00dcbungsdienst \u00fcbernehmen B\u00fcrgerInnen der Gemeinde. Werde Teil des Teams!","og_url":"https:\/\/www.fw-pfaffenhofen-glonn.de\/","og_site_name":"Freiwillige Feuerwehr Pfaffenhofen a. d. Glonn e.V.","article_modified_time":"2026-03-05T17:49:10+00:00","og_image":[{"width":1065,"height":768,"url":"https:\/\/www.fw-pfaffenhofen-glonn.de\/wp-content\/uploads\/2024\/11\/2024-05-e-thl3-egenburg-4-Mittel.jpg","type":"image\/jpeg"}],"twitter_card":"summary_large_image","twitter_misc":{"Gesch\u00e4tzte Lesezeit":"3\u00a0Minuten"},"schema":{"@context":"https:\/\/schema.org","@graph":[{"@type":"WebPage","@id":"https:\/\/www.fw-pfaffenhofen-glonn.de\/","url":"https:\/\/www.fw-pfaffenhofen-glonn.de\/","name":"Freiwillige Feuerwehr Pfaffenhofen a. d. Glonn e.V. - Home","isPartOf":{"@id":"https:\/\/www.fw-pfaffenhofen-glonn.de\/#website"},"primaryImageOfPage":{"@id":"https:\/\/www.fw-pfaffenhofen-glonn.de\/#primaryimage"},"image":{"@id":"https:\/\/www.fw-pfaffenhofen-glonn.de\/#primaryimage"},"thumbnailUrl":"https:\/\/www.fw-pfaffenhofen-glonn.de\/wp-content\/uploads\/2024\/11\/2024-05-e-thl3-egenburg-4-Mittel-1024x738.jpg","datePublished":"2020-10-04T08:02:40+00:00","dateModified":"2026-03-05T17:49:10+00:00","description":"Die FFW Pfaffenhofen a. d. Glonn ist ehrenamtlich. Den Einsatz- und \u00dcbungsdienst \u00fcbernehmen B\u00fcrgerInnen der Gemeinde. Werde Teil des Teams!","breadcrumb":{"@id":"https:\/\/www.fw-pfaffenhofen-glonn.de\/#breadcrumb"},"inLanguage":"de","potentialAction":[{"@type":"ReadAction","target":["https:\/\/www.fw-pfaffenhofen-glonn.de\/"]}]},{"@type":"ImageObject","inLanguage":"de","@id":"https:\/\/www.fw-pfaffenhofen-glonn.de\/#primaryimage","url":"https:\/\/www.fw-pfaffenhofen-glonn.de\/wp-content\/uploads\/2024\/11\/2024-05-e-thl3-egenburg-4-Mittel.jpg","contentUrl":"https:\/\/www.fw-pfaffenhofen-glonn.de\/wp-content\/uploads\/2024\/11\/2024-05-e-thl3-egenburg-4-Mittel.jpg","width":1065,"height":768},{"@type":"BreadcrumbList","@id":"https:\/\/www.fw-pfaffenhofen-glonn.de\/#breadcrumb","itemListElement":[{"@type":"ListItem","position":1,"name":"Startseite","item":"https:\/\/www.fw-pfaffenhofen-glonn.de\/"},{"@type":"ListItem","position":2,"name":"Home"}]},{"@type":"WebSite","@id":"https:\/\/www.fw-pfaffenhofen-glonn.de\/#website","url":"https:\/\/www.fw-pfaffenhofen-glonn.de\/","name":"Freiwillige Feuerwehr Pfaffenhofen a. d. Glonn e.V.","description":"","publisher":{"@id":"https:\/\/www.fw-pfaffenhofen-glonn.de\/#organization"},"potentialAction":[{"@type":"SearchAction","target":{"@type":"EntryPoint","urlTemplate":"https:\/\/www.fw-pfaffenhofen-glonn.de\/?s={search_term_string}"},"query-input":{"@type":"PropertyValueSpecification","valueRequired":true,"valueName":"search_term_string"}}],"inLanguage":"de"},{"@type":"Organization","@id":"https:\/\/www.fw-pfaffenhofen-glonn.de\/#organization","name":"Freiwillige Feuerwehr Pfaffenhofen a. d. Glonn e.V.","url":"https:\/\/www.fw-pfaffenhofen-glonn.de\/","logo":{"@type":"ImageObject","inLanguage":"de","@id":"https:\/\/www.fw-pfaffenhofen-glonn.de\/#\/schema\/logo\/image\/","url":"https:\/\/www.fw-pfaffenhofen-glonn.de\/wp-content\/uploads\/2023\/06\/Feuerwehr-Pfaffenhofen-Logo-invertiert-header-2.png","contentUrl":"https:\/\/www.fw-pfaffenhofen-glonn.de\/wp-content\/uploads\/2023\/06\/Feuerwehr-Pfaffenhofen-Logo-invertiert-header-2.png","width":1077,"height":500,"caption":"Freiwillige Feuerwehr Pfaffenhofen a. d. Glonn e.V."},"image":{"@id":"https:\/\/www.fw-pfaffenhofen-glonn.de\/#\/schema\/logo\/image\/"}}]}},"_links":{"self":[{"href":"https:\/\/www.fw-pfaffenhofen-glonn.de\/index.php\/wp-json\/wp\/v2\/pages\/14","targetHints":{"allow":["GET"]}}],"collection":[{"href":"https:\/\/www.fw-pfaffenhofen-glonn.de\/index.php\/wp-json\/wp\/v2\/pages"}],"about":[{"href":"https:\/\/www.fw-pfaffenhofen-glonn.de\/index.php\/wp-json\/wp\/v2\/types\/page"}],"author":[{"embeddable":true,"href":"https:\/\/www.fw-pfaffenhofen-glonn.de\/index.php\/wp-json\/wp\/v2\/users\/1"}],"replies":[{"embeddable":true,"href":"https:\/\/www.fw-pfaffenhofen-glonn.de\/index.php\/wp-json\/wp\/v2\/comments?post=14"}],"version-history":[{"count":605,"href":"https:\/\/www.fw-pfaffenhofen-glonn.de\/index.php\/wp-json\/wp\/v2\/pages\/14\/revisions"}],"predecessor-version":[{"id":3013,"href":"https:\/\/www.fw-pfaffenhofen-glonn.de\/index.php\/wp-json\/wp\/v2\/pages\/14\/revisions\/3013"}],"wp:attachment":[{"href":"https:\/\/www.fw-pfaffenhofen-glonn.de\/index.php\/wp-json\/wp\/v2\/media?parent=14"}],"curies":[{"name":"wp","href":"https:\/\/api.w.org\/{rel}","templated":true}]}}