{"id":18,"date":"2020-10-04T10:03:37","date_gmt":"2020-10-04T08:03:37","guid":{"rendered":"https:\/\/www.fw-pfaffenhofen-glonn.de:81\/?page_id=18"},"modified":"2025-11-24T11:41:27","modified_gmt":"2025-11-24T10:41:27","slug":"uebungsplan","status":"publish","type":"page","link":"https:\/\/www.fw-pfaffenhofen-glonn.de\/index.php\/uebungsplan\/","title":{"rendered":"\u00dcbungen und Termine"},"content":{"rendered":"\t\t<div data-elementor-type=\"wp-page\" data-elementor-id=\"18\" class=\"elementor elementor-18\">\n\t\t\t\t\t\t<section class=\"elementor-section elementor-top-section elementor-element elementor-element-901de9a elementor-section-boxed elementor-section-height-default elementor-section-height-default\" data-id=\"901de9a\" data-element_type=\"section\" data-e-type=\"section\">\n\t\t\t\t\t\t<div class=\"elementor-container elementor-column-gap-default\">\n\t\t\t\t\t<div class=\"elementor-column elementor-col-100 elementor-top-column elementor-element elementor-element-2e664bd\" data-id=\"2e664bd\" data-element_type=\"column\" data-e-type=\"column\">\n\t\t\t<div class=\"elementor-widget-wrap elementor-element-populated\">\n\t\t\t\t\t\t<div class=\"elementor-element elementor-element-4d97273 elementor-widget elementor-widget-spacer\" data-id=\"4d97273\" data-element_type=\"widget\" data-e-type=\"widget\" data-widget_type=\"spacer.default\">\n\t\t\t\t<div class=\"elementor-widget-container\">\n\t\t\t\t\t\t\t<div class=\"elementor-spacer\">\n\t\t\t<div class=\"elementor-spacer-inner\"><\/div>\n\t\t<\/div>\n\t\t\t\t\t\t<\/div>\n\t\t\t\t<\/div>\n\t\t\t\t<div class=\"elementor-element elementor-element-bafa714 animated-slow elementor-invisible elementor-widget elementor-widget-heading\" data-id=\"bafa714\" data-element_type=\"widget\" data-e-type=\"widget\" data-settings=\"{&quot;_animation&quot;:&quot;zoomIn&quot;,&quot;_animation_delay&quot;:200}\" data-widget_type=\"heading.default\">\n\t\t\t\t<div class=\"elementor-widget-container\">\n\t\t\t\t\t<h2 class=\"elementor-heading-title elementor-size-xl\">\u00dcbungen und Termine<\/h2>\t\t\t\t<\/div>\n\t\t\t\t<\/div>\n\t\t\t\t<div class=\"elementor-element elementor-element-52f97d9 animated-slow elementor-widget-divider--view-line elementor-invisible elementor-widget elementor-widget-divider\" data-id=\"52f97d9\" data-element_type=\"widget\" data-e-type=\"widget\" data-settings=\"{&quot;_animation&quot;:&quot;zoomIn&quot;,&quot;_animation_delay&quot;:200}\" data-widget_type=\"divider.default\">\n\t\t\t\t<div class=\"elementor-widget-container\">\n\t\t\t\t\t\t\t<div class=\"elementor-divider\">\n\t\t\t<span class=\"elementor-divider-separator\">\n\t\t\t\t\t\t<\/span>\n\t\t<\/div>\n\t\t\t\t\t\t<\/div>\n\t\t\t\t<\/div>\n\t\t\t\t\t<\/div>\n\t\t<\/div>\n\t\t\t\t\t<\/div>\n\t\t<\/section>\n\t\t\t\t<section class=\"elementor-section elementor-top-section elementor-element elementor-element-a03dc03 elementor-section-boxed elementor-section-height-default elementor-section-height-default\" data-id=\"a03dc03\" data-element_type=\"section\" data-e-type=\"section\">\n\t\t\t\t\t\t<div class=\"elementor-container elementor-column-gap-default\">\n\t\t\t\t\t<div class=\"elementor-column elementor-col-50 elementor-top-column elementor-element elementor-element-5fe0ec9\" data-id=\"5fe0ec9\" data-element_type=\"column\" data-e-type=\"column\">\n\t\t\t<div class=\"elementor-widget-wrap elementor-element-populated\">\n\t\t\t\t\t\t<div class=\"elementor-element elementor-element-d02fa25 elementor-widget elementor-widget-text-editor\" data-id=\"d02fa25\" data-element_type=\"widget\" data-e-type=\"widget\" data-widget_type=\"text-editor.default\">\n\t\t\t\t<div class=\"elementor-widget-container\">\n\t\t\t\t\t\t\t\t\t<p>Von den 3 Feuerwehren der Gemeinde Pfaffenhofen a. d. Glonn \u00fcben seit 2023 die 2 Feuerwehren Pfaffenhofen und Unterumbach gemeinsam. Dadurch stehen uns viel mehr M\u00f6glichkeiten und Szenarien zur Verf\u00fcgung, als wenn jede Wehr f\u00fcr sich selbst \u00fcbt.<\/p><p>In unseren \u00dcbungen trainieren wir nicht nur unsere praktischen F\u00e4higkeiten, sondern bilden uns auch theoretisch weiter. Typische Themen sind L\u00f6schtraining, Anleitern, Knotenkunde, Brandarten, Atemschutz oder der Umgang mit unseren Einsatzmitteln und unseren Fahrzeugen. Es werden zus\u00e4tzlich Spezial\u00fcbungen f\u00fcr Gruppenf\u00fchrer, Atemschutzger\u00e4tetr\u00e4ger und Maschinisten angeboten.<\/p><p>Zu den \u00dcbungen sind auch Interessenten jederzeit eingeladen. Kommt einfach vorbei und verschafft euch selbst ein Bild.<br \/><strong>Wir freuen uns auf euch!<\/strong><\/p><p>Startpunkt unserer \u00dcbungen ist das neue Feuerwehrhaus am Bauhof, direkt am Ortseingang Pfaffenhofen a.d. Glonn.<\/p>\t\t\t\t\t\t\t\t<\/div>\n\t\t\t\t<\/div>\n\t\t\t\t\t<\/div>\n\t\t<\/div>\n\t\t\t\t<div class=\"elementor-column elementor-col-50 elementor-top-column elementor-element elementor-element-26ead54\" data-id=\"26ead54\" data-element_type=\"column\" data-e-type=\"column\">\n\t\t\t<div class=\"elementor-widget-wrap elementor-element-populated\">\n\t\t\t\t\t\t<div class=\"elementor-element elementor-element-624e9d8 elementor-widget elementor-widget-image\" data-id=\"624e9d8\" data-element_type=\"widget\" data-e-type=\"widget\" data-widget_type=\"image.default\">\n\t\t\t\t<div class=\"elementor-widget-container\">\n\t\t\t\t\t\t\t\t\t\t\t\t\t\t\t<img fetchpriority=\"high\" decoding=\"async\" width=\"800\" height=\"600\" src=\"https:\/\/www.fw-pfaffenhofen-glonn.de\/wp-content\/uploads\/2021\/04\/Bild-11.04.21-um-21.16-1024x768.jpg\" class=\"attachment-large size-large wp-image-595\" alt=\"\u00dcbung L\u00f6schschaum\" srcset=\"https:\/\/www.fw-pfaffenhofen-glonn.de\/wp-content\/uploads\/2021\/04\/Bild-11.04.21-um-21.16-1024x768.jpg 1024w, https:\/\/www.fw-pfaffenhofen-glonn.de\/wp-content\/uploads\/2021\/04\/Bild-11.04.21-um-21.16-300x225.jpg 300w, https:\/\/www.fw-pfaffenhofen-glonn.de\/wp-content\/uploads\/2021\/04\/Bild-11.04.21-um-21.16-768x576.jpg 768w, https:\/\/www.fw-pfaffenhofen-glonn.de\/wp-content\/uploads\/2021\/04\/Bild-11.04.21-um-21.16-1536x1152.jpg 1536w, https:\/\/www.fw-pfaffenhofen-glonn.de\/wp-content\/uploads\/2021\/04\/Bild-11.04.21-um-21.16-400x300.jpg 400w, https:\/\/www.fw-pfaffenhofen-glonn.de\/wp-content\/uploads\/2021\/04\/Bild-11.04.21-um-21.16.jpg 1701w\" sizes=\"(max-width: 800px) 100vw, 800px\" \/>\t\t\t\t\t\t\t\t\t\t\t\t\t\t\t<\/div>\n\t\t\t\t<\/div>\n\t\t\t\t\t<\/div>\n\t\t<\/div>\n\t\t\t\t\t<\/div>\n\t\t<\/section>\n\t\t\t\t<section class=\"elementor-section elementor-top-section elementor-element elementor-element-aa6a8d7 elementor-section-boxed elementor-section-height-default elementor-section-height-default\" data-id=\"aa6a8d7\" data-element_type=\"section\" data-e-type=\"section\">\n\t\t\t\t\t\t<div class=\"elementor-container elementor-column-gap-default\">\n\t\t\t\t\t<div class=\"elementor-column elementor-col-100 elementor-top-column elementor-element elementor-element-fbf1c54\" data-id=\"fbf1c54\" data-element_type=\"column\" data-e-type=\"column\">\n\t\t\t<div class=\"elementor-widget-wrap elementor-element-populated\">\n\t\t\t\t\t\t<div class=\"elementor-element elementor-element-ed6f8ae elementor-widget elementor-widget-shortcode\" data-id=\"ed6f8ae\" data-element_type=\"widget\" data-e-type=\"widget\" data-widget_type=\"shortcode.default\">\n\t\t\t\t<div class=\"elementor-widget-container\">\n\t\t\t\t\t\t\t<div class=\"elementor-shortcode\"><div class=\"r34ics-ajax-container loading\" id=\"r69f0aef6b94622f\" data-view=\"month\" data-view-is-list-style=\"0\" data-view-is-list-long=\"0\" data-args=\"a2ae468330dd0e8a1cf4dc9f8d10b3772b480b82\" data-js-args=\"{&quot;debug&quot;:null}\">&nbsp;<\/div><\/div>\n\t\t\t\t\t\t<\/div>\n\t\t\t\t<\/div>\n\t\t\t\t<div class=\"elementor-element elementor-element-e4e9d96 elementor-widget elementor-widget-spacer\" data-id=\"e4e9d96\" data-element_type=\"widget\" data-e-type=\"widget\" data-widget_type=\"spacer.default\">\n\t\t\t\t<div class=\"elementor-widget-container\">\n\t\t\t\t\t\t\t<div class=\"elementor-spacer\">\n\t\t\t<div class=\"elementor-spacer-inner\"><\/div>\n\t\t<\/div>\n\t\t\t\t\t\t<\/div>\n\t\t\t\t<\/div>\n\t\t\t\t\t<\/div>\n\t\t<\/div>\n\t\t\t\t\t<\/div>\n\t\t<\/section>\n\t\t\t\t<\/div>\n\t\t","protected":false},"excerpt":{"rendered":"<p>\u00dcbungen und Termine Von den 3 Feuerwehren der Gemeinde Pfaffenhofen a. d. Glonn \u00fcben seit 2023 die 2 Feuerwehren Pfaffenhofen und Unterumbach gemeinsam. Dadurch stehen uns viel mehr M\u00f6glichkeiten und Szenarien zur Verf\u00fcgung, als wenn jede Wehr f\u00fcr sich selbst \u00fcbt. In unseren \u00dcbungen trainieren wir nicht nur unsere praktischen F\u00e4higkeiten, sondern bilden uns auch [&hellip;]<\/p>\n","protected":false},"author":1,"featured_media":0,"parent":0,"menu_order":0,"comment_status":"closed","ping_status":"closed","template":"","meta":{"iawp_total_views":1056,"footnotes":""},"class_list":["post-18","page","type-page","status-publish","hentry"],"yoast_head":"<!-- This site is optimized with the Yoast SEO plugin v27.4 - https:\/\/yoast.com\/product\/yoast-seo-wordpress\/ -->\n<title>\u00dcbungen und Termine - Freiwillige Feuerwehr Pfaffenhofen a. d. Glonn e.V.<\/title>\n<meta name=\"robots\" content=\"index, follow, max-snippet:-1, max-image-preview:large, max-video-preview:-1\" \/>\n<link rel=\"canonical\" href=\"https:\/\/www.fw-pfaffenhofen-glonn.de\/index.php\/uebungsplan\/\" \/>\n<meta property=\"og:locale\" content=\"de_DE\" \/>\n<meta property=\"og:type\" content=\"article\" \/>\n<meta property=\"og:title\" content=\"\u00dcbungen und Termine - Freiwillige Feuerwehr Pfaffenhofen a. d. Glonn e.V.\" \/>\n<meta property=\"og:description\" content=\"\u00dcbungen und Termine Von den 3 Feuerwehren der Gemeinde Pfaffenhofen a. d. Glonn \u00fcben seit 2023 die 2 Feuerwehren Pfaffenhofen und Unterumbach gemeinsam. Dadurch stehen uns viel mehr M\u00f6glichkeiten und Szenarien zur Verf\u00fcgung, als wenn jede Wehr f\u00fcr sich selbst \u00fcbt. In unseren \u00dcbungen trainieren wir nicht nur unsere praktischen F\u00e4higkeiten, sondern bilden uns auch [&hellip;]\" \/>\n<meta property=\"og:url\" content=\"https:\/\/www.fw-pfaffenhofen-glonn.de\/index.php\/uebungsplan\/\" \/>\n<meta property=\"og:site_name\" content=\"Freiwillige Feuerwehr Pfaffenhofen a. d. Glonn e.V.\" \/>\n<meta property=\"article:modified_time\" content=\"2025-11-24T10:41:27+00:00\" \/>\n<meta property=\"og:image\" content=\"https:\/\/www.fw-pfaffenhofen-glonn.de\/wp-content\/uploads\/2021\/04\/Bild-11.04.21-um-21.16.jpg\" \/>\n\t<meta property=\"og:image:width\" content=\"1701\" \/>\n\t<meta property=\"og:image:height\" content=\"1276\" \/>\n\t<meta property=\"og:image:type\" content=\"image\/jpeg\" \/>\n<meta name=\"twitter:card\" content=\"summary_large_image\" \/>\n<meta name=\"twitter:label1\" content=\"Gesch\u00e4tzte Lesezeit\" \/>\n\t<meta name=\"twitter:data1\" content=\"1\u00a0Minute\" \/>\n<script type=\"application\/ld+json\" class=\"yoast-schema-graph\">{\"@context\":\"https:\\\/\\\/schema.org\",\"@graph\":[{\"@type\":\"WebPage\",\"@id\":\"https:\\\/\\\/www.fw-pfaffenhofen-glonn.de\\\/index.php\\\/uebungsplan\\\/\",\"url\":\"https:\\\/\\\/www.fw-pfaffenhofen-glonn.de\\\/index.php\\\/uebungsplan\\\/\",\"name\":\"\u00dcbungen und Termine - Freiwillige Feuerwehr Pfaffenhofen a. d. Glonn e.V.\",\"isPartOf\":{\"@id\":\"https:\\\/\\\/www.fw-pfaffenhofen-glonn.de\\\/#website\"},\"primaryImageOfPage\":{\"@id\":\"https:\\\/\\\/www.fw-pfaffenhofen-glonn.de\\\/index.php\\\/uebungsplan\\\/#primaryimage\"},\"image\":{\"@id\":\"https:\\\/\\\/www.fw-pfaffenhofen-glonn.de\\\/index.php\\\/uebungsplan\\\/#primaryimage\"},\"thumbnailUrl\":\"https:\\\/\\\/www.fw-pfaffenhofen-glonn.de\\\/wp-content\\\/uploads\\\/2021\\\/04\\\/Bild-11.04.21-um-21.16-1024x768.jpg\",\"datePublished\":\"2020-10-04T08:03:37+00:00\",\"dateModified\":\"2025-11-24T10:41:27+00:00\",\"breadcrumb\":{\"@id\":\"https:\\\/\\\/www.fw-pfaffenhofen-glonn.de\\\/index.php\\\/uebungsplan\\\/#breadcrumb\"},\"inLanguage\":\"de\",\"potentialAction\":[{\"@type\":\"ReadAction\",\"target\":[\"https:\\\/\\\/www.fw-pfaffenhofen-glonn.de\\\/index.php\\\/uebungsplan\\\/\"]}]},{\"@type\":\"ImageObject\",\"inLanguage\":\"de\",\"@id\":\"https:\\\/\\\/www.fw-pfaffenhofen-glonn.de\\\/index.php\\\/uebungsplan\\\/#primaryimage\",\"url\":\"https:\\\/\\\/www.fw-pfaffenhofen-glonn.de\\\/wp-content\\\/uploads\\\/2021\\\/04\\\/Bild-11.04.21-um-21.16.jpg\",\"contentUrl\":\"https:\\\/\\\/www.fw-pfaffenhofen-glonn.de\\\/wp-content\\\/uploads\\\/2021\\\/04\\\/Bild-11.04.21-um-21.16.jpg\",\"width\":1701,\"height\":1276,\"caption\":\"\u00dcbung L\u00f6schschaum\"},{\"@type\":\"BreadcrumbList\",\"@id\":\"https:\\\/\\\/www.fw-pfaffenhofen-glonn.de\\\/index.php\\\/uebungsplan\\\/#breadcrumb\",\"itemListElement\":[{\"@type\":\"ListItem\",\"position\":1,\"name\":\"Startseite\",\"item\":\"https:\\\/\\\/www.fw-pfaffenhofen-glonn.de\\\/\"},{\"@type\":\"ListItem\",\"position\":2,\"name\":\"\u00dcbungen und Termine\"}]},{\"@type\":\"WebSite\",\"@id\":\"https:\\\/\\\/www.fw-pfaffenhofen-glonn.de\\\/#website\",\"url\":\"https:\\\/\\\/www.fw-pfaffenhofen-glonn.de\\\/\",\"name\":\"Freiwillige Feuerwehr Pfaffenhofen a. d. Glonn e.V.\",\"description\":\"\",\"publisher\":{\"@id\":\"https:\\\/\\\/www.fw-pfaffenhofen-glonn.de\\\/#organization\"},\"potentialAction\":[{\"@type\":\"SearchAction\",\"target\":{\"@type\":\"EntryPoint\",\"urlTemplate\":\"https:\\\/\\\/www.fw-pfaffenhofen-glonn.de\\\/?s={search_term_string}\"},\"query-input\":{\"@type\":\"PropertyValueSpecification\",\"valueRequired\":true,\"valueName\":\"search_term_string\"}}],\"inLanguage\":\"de\"},{\"@type\":\"Organization\",\"@id\":\"https:\\\/\\\/www.fw-pfaffenhofen-glonn.de\\\/#organization\",\"name\":\"Freiwillige Feuerwehr Pfaffenhofen a. d. Glonn e.V.\",\"url\":\"https:\\\/\\\/www.fw-pfaffenhofen-glonn.de\\\/\",\"logo\":{\"@type\":\"ImageObject\",\"inLanguage\":\"de\",\"@id\":\"https:\\\/\\\/www.fw-pfaffenhofen-glonn.de\\\/#\\\/schema\\\/logo\\\/image\\\/\",\"url\":\"https:\\\/\\\/www.fw-pfaffenhofen-glonn.de\\\/wp-content\\\/uploads\\\/2023\\\/06\\\/Feuerwehr-Pfaffenhofen-Logo-invertiert-header-2.png\",\"contentUrl\":\"https:\\\/\\\/www.fw-pfaffenhofen-glonn.de\\\/wp-content\\\/uploads\\\/2023\\\/06\\\/Feuerwehr-Pfaffenhofen-Logo-invertiert-header-2.png\",\"width\":1077,\"height\":500,\"caption\":\"Freiwillige Feuerwehr Pfaffenhofen a. d. Glonn e.V.\"},\"image\":{\"@id\":\"https:\\\/\\\/www.fw-pfaffenhofen-glonn.de\\\/#\\\/schema\\\/logo\\\/image\\\/\"}}]}<\/script>\n<!-- \/ Yoast SEO plugin. -->","yoast_head_json":{"title":"\u00dcbungen und Termine - Freiwillige Feuerwehr Pfaffenhofen a. d. Glonn e.V.","robots":{"index":"index","follow":"follow","max-snippet":"max-snippet:-1","max-image-preview":"max-image-preview:large","max-video-preview":"max-video-preview:-1"},"canonical":"https:\/\/www.fw-pfaffenhofen-glonn.de\/index.php\/uebungsplan\/","og_locale":"de_DE","og_type":"article","og_title":"\u00dcbungen und Termine - Freiwillige Feuerwehr Pfaffenhofen a. d. Glonn e.V.","og_description":"\u00dcbungen und Termine Von den 3 Feuerwehren der Gemeinde Pfaffenhofen a. d. Glonn \u00fcben seit 2023 die 2 Feuerwehren Pfaffenhofen und Unterumbach gemeinsam. Dadurch stehen uns viel mehr M\u00f6glichkeiten und Szenarien zur Verf\u00fcgung, als wenn jede Wehr f\u00fcr sich selbst \u00fcbt. In unseren \u00dcbungen trainieren wir nicht nur unsere praktischen F\u00e4higkeiten, sondern bilden uns auch [&hellip;]","og_url":"https:\/\/www.fw-pfaffenhofen-glonn.de\/index.php\/uebungsplan\/","og_site_name":"Freiwillige Feuerwehr Pfaffenhofen a. d. Glonn e.V.","article_modified_time":"2025-11-24T10:41:27+00:00","og_image":[{"width":1701,"height":1276,"url":"https:\/\/www.fw-pfaffenhofen-glonn.de\/wp-content\/uploads\/2021\/04\/Bild-11.04.21-um-21.16.jpg","type":"image\/jpeg"}],"twitter_card":"summary_large_image","twitter_misc":{"Gesch\u00e4tzte Lesezeit":"1\u00a0Minute"},"schema":{"@context":"https:\/\/schema.org","@graph":[{"@type":"WebPage","@id":"https:\/\/www.fw-pfaffenhofen-glonn.de\/index.php\/uebungsplan\/","url":"https:\/\/www.fw-pfaffenhofen-glonn.de\/index.php\/uebungsplan\/","name":"\u00dcbungen und Termine - Freiwillige Feuerwehr Pfaffenhofen a. d. Glonn e.V.","isPartOf":{"@id":"https:\/\/www.fw-pfaffenhofen-glonn.de\/#website"},"primaryImageOfPage":{"@id":"https:\/\/www.fw-pfaffenhofen-glonn.de\/index.php\/uebungsplan\/#primaryimage"},"image":{"@id":"https:\/\/www.fw-pfaffenhofen-glonn.de\/index.php\/uebungsplan\/#primaryimage"},"thumbnailUrl":"https:\/\/www.fw-pfaffenhofen-glonn.de\/wp-content\/uploads\/2021\/04\/Bild-11.04.21-um-21.16-1024x768.jpg","datePublished":"2020-10-04T08:03:37+00:00","dateModified":"2025-11-24T10:41:27+00:00","breadcrumb":{"@id":"https:\/\/www.fw-pfaffenhofen-glonn.de\/index.php\/uebungsplan\/#breadcrumb"},"inLanguage":"de","potentialAction":[{"@type":"ReadAction","target":["https:\/\/www.fw-pfaffenhofen-glonn.de\/index.php\/uebungsplan\/"]}]},{"@type":"ImageObject","inLanguage":"de","@id":"https:\/\/www.fw-pfaffenhofen-glonn.de\/index.php\/uebungsplan\/#primaryimage","url":"https:\/\/www.fw-pfaffenhofen-glonn.de\/wp-content\/uploads\/2021\/04\/Bild-11.04.21-um-21.16.jpg","contentUrl":"https:\/\/www.fw-pfaffenhofen-glonn.de\/wp-content\/uploads\/2021\/04\/Bild-11.04.21-um-21.16.jpg","width":1701,"height":1276,"caption":"\u00dcbung L\u00f6schschaum"},{"@type":"BreadcrumbList","@id":"https:\/\/www.fw-pfaffenhofen-glonn.de\/index.php\/uebungsplan\/#breadcrumb","itemListElement":[{"@type":"ListItem","position":1,"name":"Startseite","item":"https:\/\/www.fw-pfaffenhofen-glonn.de\/"},{"@type":"ListItem","position":2,"name":"\u00dcbungen und Termine"}]},{"@type":"WebSite","@id":"https:\/\/www.fw-pfaffenhofen-glonn.de\/#website","url":"https:\/\/www.fw-pfaffenhofen-glonn.de\/","name":"Freiwillige Feuerwehr Pfaffenhofen a. d. Glonn e.V.","description":"","publisher":{"@id":"https:\/\/www.fw-pfaffenhofen-glonn.de\/#organization"},"potentialAction":[{"@type":"SearchAction","target":{"@type":"EntryPoint","urlTemplate":"https:\/\/www.fw-pfaffenhofen-glonn.de\/?s={search_term_string}"},"query-input":{"@type":"PropertyValueSpecification","valueRequired":true,"valueName":"search_term_string"}}],"inLanguage":"de"},{"@type":"Organization","@id":"https:\/\/www.fw-pfaffenhofen-glonn.de\/#organization","name":"Freiwillige Feuerwehr Pfaffenhofen a. d. Glonn e.V.","url":"https:\/\/www.fw-pfaffenhofen-glonn.de\/","logo":{"@type":"ImageObject","inLanguage":"de","@id":"https:\/\/www.fw-pfaffenhofen-glonn.de\/#\/schema\/logo\/image\/","url":"https:\/\/www.fw-pfaffenhofen-glonn.de\/wp-content\/uploads\/2023\/06\/Feuerwehr-Pfaffenhofen-Logo-invertiert-header-2.png","contentUrl":"https:\/\/www.fw-pfaffenhofen-glonn.de\/wp-content\/uploads\/2023\/06\/Feuerwehr-Pfaffenhofen-Logo-invertiert-header-2.png","width":1077,"height":500,"caption":"Freiwillige Feuerwehr Pfaffenhofen a. d. Glonn e.V."},"image":{"@id":"https:\/\/www.fw-pfaffenhofen-glonn.de\/#\/schema\/logo\/image\/"}}]}},"_links":{"self":[{"href":"https:\/\/www.fw-pfaffenhofen-glonn.de\/index.php\/wp-json\/wp\/v2\/pages\/18","targetHints":{"allow":["GET"]}}],"collection":[{"href":"https:\/\/www.fw-pfaffenhofen-glonn.de\/index.php\/wp-json\/wp\/v2\/pages"}],"about":[{"href":"https:\/\/www.fw-pfaffenhofen-glonn.de\/index.php\/wp-json\/wp\/v2\/types\/page"}],"author":[{"embeddable":true,"href":"https:\/\/www.fw-pfaffenhofen-glonn.de\/index.php\/wp-json\/wp\/v2\/users\/1"}],"replies":[{"embeddable":true,"href":"https:\/\/www.fw-pfaffenhofen-glonn.de\/index.php\/wp-json\/wp\/v2\/comments?post=18"}],"version-history":[{"count":71,"href":"https:\/\/www.fw-pfaffenhofen-glonn.de\/index.php\/wp-json\/wp\/v2\/pages\/18\/revisions"}],"predecessor-version":[{"id":2954,"href":"https:\/\/www.fw-pfaffenhofen-glonn.de\/index.php\/wp-json\/wp\/v2\/pages\/18\/revisions\/2954"}],"wp:attachment":[{"href":"https:\/\/www.fw-pfaffenhofen-glonn.de\/index.php\/wp-json\/wp\/v2\/media?parent=18"}],"curies":[{"name":"wp","href":"https:\/\/api.w.org\/{rel}","templated":true}]}}