{"id":2557,"date":"2025-04-06T16:11:07","date_gmt":"2025-04-06T14:11:07","guid":{"rendered":"https:\/\/www.fw-pfaffenhofen-glonn.de\/?page_id=2557"},"modified":"2025-11-26T11:37:57","modified_gmt":"2025-11-26T10:37:57","slug":"kinderfeuerwehr","status":"publish","type":"page","link":"https:\/\/www.fw-pfaffenhofen-glonn.de\/index.php\/kinderfeuerwehr\/","title":{"rendered":"Kinder"},"content":{"rendered":"\t\t<div data-elementor-type=\"wp-page\" data-elementor-id=\"2557\" class=\"elementor elementor-2557\">\n\t\t\t\t\t\t<section class=\"elementor-section elementor-top-section elementor-element elementor-element-5c6486c elementor-section-height-min-height elementor-section-content-middle animated-slow elementor-section-boxed elementor-section-height-default elementor-section-items-middle\" data-id=\"5c6486c\" data-element_type=\"section\" data-e-type=\"section\" data-settings=\"{&quot;background_background&quot;:&quot;classic&quot;,&quot;animation&quot;:&quot;none&quot;,&quot;animation_delay&quot;:100}\">\n\t\t\t\t\t\t<div class=\"elementor-container elementor-column-gap-default\">\n\t\t\t\t\t<div class=\"elementor-column elementor-col-100 elementor-top-column elementor-element elementor-element-7f8b9f4\" data-id=\"7f8b9f4\" data-element_type=\"column\" data-e-type=\"column\">\n\t\t\t<div class=\"elementor-widget-wrap elementor-element-populated\">\n\t\t\t\t\t\t<section class=\"elementor-section elementor-inner-section elementor-element elementor-element-d0c4655 elementor-section-boxed elementor-section-height-default elementor-section-height-default\" data-id=\"d0c4655\" data-element_type=\"section\" data-e-type=\"section\">\n\t\t\t\t\t\t<div class=\"elementor-container elementor-column-gap-default\">\n\t\t\t\t\t<div class=\"elementor-column elementor-col-50 elementor-inner-column elementor-element elementor-element-e31d310\" data-id=\"e31d310\" data-element_type=\"column\" data-e-type=\"column\">\n\t\t\t<div class=\"elementor-widget-wrap elementor-element-populated\">\n\t\t\t\t\t\t<div class=\"elementor-element elementor-element-0e74f99 animated-slow elementor-invisible elementor-widget elementor-widget-heading\" data-id=\"0e74f99\" data-element_type=\"widget\" data-e-type=\"widget\" data-settings=\"{&quot;_animation&quot;:&quot;fadeInLeft&quot;,&quot;_animation_delay&quot;:300}\" data-widget_type=\"heading.default\">\n\t\t\t\t<div class=\"elementor-widget-container\">\n\t\t\t\t\t<h1 class=\"elementor-heading-title elementor-size-xl\">Unsere Kinder&shy;feuerwehr<\/h1>\t\t\t\t<\/div>\n\t\t\t\t<\/div>\n\t\t\t\t<div class=\"elementor-element elementor-element-331c3f3 animated-slow elementor-hidden-desktop elementor-hidden-tablet elementor-invisible elementor-widget elementor-widget-heading\" data-id=\"331c3f3\" data-element_type=\"widget\" data-e-type=\"widget\" data-settings=\"{&quot;_animation&quot;:&quot;fadeInRight&quot;,&quot;_animation_delay&quot;:400}\" data-widget_type=\"heading.default\">\n\t\t\t\t<div class=\"elementor-widget-container\">\n\t\t\t\t\t<h2 class=\"elementor-heading-title elementor-size-medium\">Spiel, Spa\u00df und Teamgeist ab dem ersten Funken<\/h2>\t\t\t\t<\/div>\n\t\t\t\t<\/div>\n\t\t\t\t<div class=\"elementor-element elementor-element-fc7e41f animated-slow elementor-widget elementor-widget-image\" data-id=\"fc7e41f\" data-element_type=\"widget\" data-e-type=\"widget\" data-settings=\"{&quot;_animation&quot;:&quot;none&quot;,&quot;_animation_delay&quot;:200}\" data-widget_type=\"image.default\">\n\t\t\t\t<div class=\"elementor-widget-container\">\n\t\t\t\t\t\t\t\t\t\t\t\t\t\t\t<img fetchpriority=\"high\" decoding=\"async\" width=\"5833\" height=\"6667\" src=\"https:\/\/www.fw-pfaffenhofen-glonn.de\/wp-content\/uploads\/2025\/04\/Feuerfuechse.png\" class=\"attachment-full size-full wp-image-2563\" alt=\"Kinderfeuerwehr &quot;Feuerf\u00fcchse Pfaffenhofen an der Glonn&quot;\" srcset=\"https:\/\/www.fw-pfaffenhofen-glonn.de\/wp-content\/uploads\/2025\/04\/Feuerfuechse.png 5833w, https:\/\/www.fw-pfaffenhofen-glonn.de\/wp-content\/uploads\/2025\/04\/Feuerfuechse-262x300.png 262w, https:\/\/www.fw-pfaffenhofen-glonn.de\/wp-content\/uploads\/2025\/04\/Feuerfuechse-896x1024.png 896w, https:\/\/www.fw-pfaffenhofen-glonn.de\/wp-content\/uploads\/2025\/04\/Feuerfuechse-768x878.png 768w, https:\/\/www.fw-pfaffenhofen-glonn.de\/wp-content\/uploads\/2025\/04\/Feuerfuechse-1344x1536.png 1344w, https:\/\/www.fw-pfaffenhofen-glonn.de\/wp-content\/uploads\/2025\/04\/Feuerfuechse-1792x2048.png 1792w\" sizes=\"(max-width: 5833px) 100vw, 5833px\" \/>\t\t\t\t\t\t\t\t\t\t\t\t\t\t\t<\/div>\n\t\t\t\t<\/div>\n\t\t\t\t<div class=\"elementor-element elementor-element-0d96e56 elementor-hidden-mobile elementor-widget elementor-widget-text-editor\" data-id=\"0d96e56\" data-element_type=\"widget\" data-e-type=\"widget\" data-widget_type=\"text-editor.default\">\n\t\t\t\t<div class=\"elementor-widget-container\">\n\t\t\t\t\t\t\t\t\t<h3><strong>Geplante Termine:<\/strong><\/h3>\t\t\t\t\t\t\t\t<\/div>\n\t\t\t\t<\/div>\n\t\t\t\t<div class=\"elementor-element elementor-element-32033eb elementor-widget elementor-widget-shortcode\" data-id=\"32033eb\" data-element_type=\"widget\" data-e-type=\"widget\" data-widget_type=\"shortcode.default\">\n\t\t\t\t<div class=\"elementor-widget-container\">\n\t\t\t\t\t\t\t<div class=\"elementor-shortcode\"><div class=\"r34ics-ajax-container loading\" id=\"r69f1e6bb52a3452\" data-view=\"list\" data-view-is-list-style=\"1\" data-view-is-list-long=\"1\" data-args=\"fdafc4d9587f54ba01657738114d8f9c1ea384f0\" data-js-args=\"{&quot;debug&quot;:null}\">&nbsp;<\/div><\/div>\n\t\t\t\t\t\t<\/div>\n\t\t\t\t<\/div>\n\t\t\t\t\t<\/div>\n\t\t<\/div>\n\t\t\t\t<div class=\"elementor-column elementor-col-50 elementor-inner-column elementor-element elementor-element-917d26c\" data-id=\"917d26c\" data-element_type=\"column\" data-e-type=\"column\">\n\t\t\t<div class=\"elementor-widget-wrap elementor-element-populated\">\n\t\t\t\t\t\t<div class=\"elementor-element elementor-element-9b56f4a animated-slow elementor-hidden-mobile elementor-invisible elementor-widget elementor-widget-heading\" data-id=\"9b56f4a\" data-element_type=\"widget\" data-e-type=\"widget\" data-settings=\"{&quot;_animation&quot;:&quot;fadeInRight&quot;,&quot;_animation_delay&quot;:400}\" data-widget_type=\"heading.default\">\n\t\t\t\t<div class=\"elementor-widget-container\">\n\t\t\t\t\t<h2 class=\"elementor-heading-title elementor-size-xl\">Spiel, Spa\u00df und Teamgeist ab dem ersten Funken<\/h2>\t\t\t\t<\/div>\n\t\t\t\t<\/div>\n\t\t\t\t<div class=\"elementor-element elementor-element-adbb4d9 elementor-widget-divider--view-line elementor-widget elementor-widget-divider\" data-id=\"adbb4d9\" data-element_type=\"widget\" data-e-type=\"widget\" data-widget_type=\"divider.default\">\n\t\t\t\t<div class=\"elementor-widget-container\">\n\t\t\t\t\t\t\t<div class=\"elementor-divider\">\n\t\t\t<span class=\"elementor-divider-separator\">\n\t\t\t\t\t\t<\/span>\n\t\t<\/div>\n\t\t\t\t\t\t<\/div>\n\t\t\t\t<\/div>\n\t\t\t\t<div class=\"elementor-element elementor-element-210ec97 elementor-widget elementor-widget-text-editor\" data-id=\"210ec97\" data-element_type=\"widget\" data-e-type=\"widget\" data-widget_type=\"text-editor.default\">\n\t\t\t\t<div class=\"elementor-widget-container\">\n\t\t\t\t\t\t\t\t\t<p>Wir freuen uns euch mitteilen zu k\u00f6nnen, dass wir ab Mai 2025 mit der Kinderfeuerwehr \u201eFeuerf\u00fcchse Pfaffenhofen an der Glonn\u201c starten werden. Wer gerne mitmachen m\u00f6chte, muss zwischen 6 und 11 Jahre alt sein und bereits schulpflichtig. Meldet euch dazu gerne unter <a href=\"mailto:kinderfeuerwehr@fw-pfaffenhofen-glonn.de\">kinderfeuerwehr@fw-pfaffenhofen-glonn.de<\/a> an.<\/p><p>Bitte beachtet, dass wir aktuell nur eine begrenzte Anzahl an Pl\u00e4tzen haben, wir setzen eure Kids aber gerne auf die Warteliste, falls es mehr Interessenten als Pl\u00e4tze gibt.<\/p><p>Alle Eltern, deren Kindern wir einen Platz anbieten k\u00f6nnen, bitten wir zu einem <span style=\"color: #ff6600;\"><strong>Elternabend am 07. Mai 2025 um 20:00 Uhr ins Feuerwehrhaus Pfaffenhofen an der Glonn<\/strong><\/span>, um euch dort alle weiteren Informationen mitzuteilen. Ihr werdet per E-Mail vorab entsprechend informiert.<\/p><p>Aktuell planen wir ca. alle 2 Monate einen Termin f\u00fcr die Kinderfeuerwehr. Alle Termine werden nach einem \u00e4hnlichen Muster ablaufen. Wir starten immer Samstags um 10:00 Uhr und enden ca. gegen 13 Uhr.<\/p><p><span style=\"color: #ff6600;\">Bitte stellt daher vor der Anmeldung zur Kinderfeuerwehr sicher, dass euer Kind in der Regel an den Terminen teilnehmen kann.<\/span><\/p><p>Wir freuen uns auf einen tollen Auftakt mit den Feuerf\u00fcchsen.<\/p><p><span style=\"color: #ff6600;\">+++<\/span>Aktuell sind alle Pl\u00e4tze schon belegt, gerne nehmen wir euch aber auf die Warteliste mit auf.<span style=\"color: #ff6600;\">+++<\/span><\/p>\t\t\t\t\t\t\t\t<\/div>\n\t\t\t\t<\/div>\n\t\t\t\t<div class=\"elementor-element elementor-element-02658b0 elementor-align-center elementor-widget elementor-widget-button\" data-id=\"02658b0\" data-element_type=\"widget\" data-e-type=\"widget\" data-widget_type=\"button.default\">\n\t\t\t\t<div class=\"elementor-widget-container\">\n\t\t\t\t\t\t\t\t\t<div class=\"elementor-button-wrapper\">\n\t\t\t\t\t<a class=\"elementor-button elementor-button-link elementor-size-sm elementor-animation-grow\" href=\"mailto:kinderfeuerwehr@fw-pfaffenhofen-glonn.de\">\n\t\t\t\t\t\t<span class=\"elementor-button-content-wrapper\">\n\t\t\t\t\t\t\t\t\t<span class=\"elementor-button-text\">Anmeldung zur Kinderfeuerwehr<\/span>\n\t\t\t\t\t<\/span>\n\t\t\t\t\t<\/a>\n\t\t\t\t<\/div>\n\t\t\t\t\t\t\t\t<\/div>\n\t\t\t\t<\/div>\n\t\t\t\t<div class=\"elementor-element elementor-element-6be6446 elementor-hidden-desktop elementor-hidden-tablet elementor-widget elementor-widget-text-editor\" data-id=\"6be6446\" data-element_type=\"widget\" data-e-type=\"widget\" data-widget_type=\"text-editor.default\">\n\t\t\t\t<div class=\"elementor-widget-container\">\n\t\t\t\t\t\t\t\t\t<h3><strong>Geplante Termine 2025:<\/strong><\/h3><p>10.05.<br \/>12.07.<br \/>27.09.<br \/>22.11.<\/p><h3><strong>Geplante Termine 2026:<\/strong><\/h3><p>07.02.<br \/>25.04.<br \/>20.06.<br \/>01.08.<br \/>17.10.<br \/>12.12.<\/p>\t\t\t\t\t\t\t\t<\/div>\n\t\t\t\t<\/div>\n\t\t\t\t\t<\/div>\n\t\t<\/div>\n\t\t\t\t\t<\/div>\n\t\t<\/section>\n\t\t\t\t\t<\/div>\n\t\t<\/div>\n\t\t\t\t\t<\/div>\n\t\t<\/section>\n\t\t\t\t<section class=\"elementor-section elementor-top-section elementor-element elementor-element-26ec28d elementor-section-height-min-height elementor-section-content-middle animated-slow elementor-section-boxed elementor-section-height-default elementor-section-items-middle\" data-id=\"26ec28d\" data-element_type=\"section\" data-e-type=\"section\" data-settings=\"{&quot;background_background&quot;:&quot;classic&quot;,&quot;animation&quot;:&quot;none&quot;,&quot;animation_delay&quot;:100}\">\n\t\t\t\t\t\t<div class=\"elementor-container elementor-column-gap-default\">\n\t\t\t\t\t<div class=\"elementor-column elementor-col-100 elementor-top-column elementor-element elementor-element-e0e4454\" data-id=\"e0e4454\" data-element_type=\"column\" data-e-type=\"column\">\n\t\t\t<div class=\"elementor-widget-wrap\">\n\t\t\t\t\t\t\t<\/div>\n\t\t<\/div>\n\t\t\t\t\t<\/div>\n\t\t<\/section>\n\t\t\t\t<\/div>\n\t\t","protected":false},"excerpt":{"rendered":"<p>Unsere Kinder&shy;feuerwehr Spiel, Spa\u00df und Teamgeist ab dem ersten Funken Geplante Termine: Spiel, Spa\u00df und Teamgeist ab dem ersten Funken Wir freuen uns euch mitteilen zu k\u00f6nnen, dass wir ab Mai 2025 mit der Kinderfeuerwehr \u201eFeuerf\u00fcchse Pfaffenhofen an der Glonn\u201c starten werden. Wer gerne mitmachen m\u00f6chte, muss zwischen 6 und 11 Jahre alt sein und [&hellip;]<\/p>\n","protected":false},"author":5,"featured_media":0,"parent":0,"menu_order":0,"comment_status":"closed","ping_status":"closed","template":"","meta":{"iawp_total_views":535,"footnotes":""},"class_list":["post-2557","page","type-page","status-publish","hentry"],"yoast_head":"<!-- This site is optimized with the Yoast SEO plugin v27.5 - https:\/\/yoast.com\/product\/yoast-seo-wordpress\/ -->\n<title>Kinder - Freiwillige Feuerwehr Pfaffenhofen a. d. Glonn e.V.<\/title>\n<meta name=\"description\" content=\"Kinderfeuerwehr \u201eFeuerf\u00fcchse Pfaffenhofen an der Glonn\u201c startet ab Mai 2025. Schulkinder zwischen 6 und 11 Jahren k\u00f6nnen sich hier anmelden.\" \/>\n<meta name=\"robots\" content=\"index, follow, max-snippet:-1, max-image-preview:large, max-video-preview:-1\" \/>\n<link rel=\"canonical\" href=\"https:\/\/www.fw-pfaffenhofen-glonn.de\/index.php\/kinderfeuerwehr\/\" \/>\n<meta property=\"og:locale\" content=\"de_DE\" \/>\n<meta property=\"og:type\" content=\"article\" \/>\n<meta property=\"og:title\" content=\"Kinder - Freiwillige Feuerwehr Pfaffenhofen a. d. Glonn e.V.\" \/>\n<meta property=\"og:description\" content=\"Kinderfeuerwehr \u201eFeuerf\u00fcchse Pfaffenhofen an der Glonn\u201c startet ab Mai 2025. Schulkinder zwischen 6 und 11 Jahren k\u00f6nnen sich hier anmelden.\" \/>\n<meta property=\"og:url\" content=\"https:\/\/www.fw-pfaffenhofen-glonn.de\/index.php\/kinderfeuerwehr\/\" \/>\n<meta property=\"og:site_name\" content=\"Freiwillige Feuerwehr Pfaffenhofen a. d. Glonn e.V.\" \/>\n<meta property=\"article:modified_time\" content=\"2025-11-26T10:37:57+00:00\" \/>\n<meta property=\"og:image\" content=\"https:\/\/www.fw-pfaffenhofen-glonn.de\/wp-content\/uploads\/2025\/04\/Feuerfuechse-896x1024.png\" \/>\n\t<meta property=\"og:image:width\" content=\"896\" \/>\n\t<meta property=\"og:image:height\" content=\"1024\" \/>\n\t<meta property=\"og:image:type\" content=\"image\/png\" \/>\n<meta name=\"twitter:card\" content=\"summary_large_image\" \/>\n<meta name=\"twitter:label1\" content=\"Gesch\u00e4tzte Lesezeit\" \/>\n\t<meta name=\"twitter:data1\" content=\"2\u00a0Minuten\" \/>\n<script type=\"application\/ld+json\" class=\"yoast-schema-graph\">{\"@context\":\"https:\\\/\\\/schema.org\",\"@graph\":[{\"@type\":\"WebPage\",\"@id\":\"https:\\\/\\\/www.fw-pfaffenhofen-glonn.de\\\/index.php\\\/kinderfeuerwehr\\\/\",\"url\":\"https:\\\/\\\/www.fw-pfaffenhofen-glonn.de\\\/index.php\\\/kinderfeuerwehr\\\/\",\"name\":\"Kinder - Freiwillige Feuerwehr Pfaffenhofen a. d. Glonn e.V.\",\"isPartOf\":{\"@id\":\"https:\\\/\\\/www.fw-pfaffenhofen-glonn.de\\\/#website\"},\"primaryImageOfPage\":{\"@id\":\"https:\\\/\\\/www.fw-pfaffenhofen-glonn.de\\\/index.php\\\/kinderfeuerwehr\\\/#primaryimage\"},\"image\":{\"@id\":\"https:\\\/\\\/www.fw-pfaffenhofen-glonn.de\\\/index.php\\\/kinderfeuerwehr\\\/#primaryimage\"},\"thumbnailUrl\":\"https:\\\/\\\/www.fw-pfaffenhofen-glonn.de\\\/wp-content\\\/uploads\\\/2025\\\/04\\\/Feuerfuechse.png\",\"datePublished\":\"2025-04-06T14:11:07+00:00\",\"dateModified\":\"2025-11-26T10:37:57+00:00\",\"description\":\"Kinderfeuerwehr \u201eFeuerf\u00fcchse Pfaffenhofen an der Glonn\u201c startet ab Mai 2025. Schulkinder zwischen 6 und 11 Jahren k\u00f6nnen sich hier anmelden.\",\"breadcrumb\":{\"@id\":\"https:\\\/\\\/www.fw-pfaffenhofen-glonn.de\\\/index.php\\\/kinderfeuerwehr\\\/#breadcrumb\"},\"inLanguage\":\"de\",\"potentialAction\":[{\"@type\":\"ReadAction\",\"target\":[\"https:\\\/\\\/www.fw-pfaffenhofen-glonn.de\\\/index.php\\\/kinderfeuerwehr\\\/\"]}]},{\"@type\":\"ImageObject\",\"inLanguage\":\"de\",\"@id\":\"https:\\\/\\\/www.fw-pfaffenhofen-glonn.de\\\/index.php\\\/kinderfeuerwehr\\\/#primaryimage\",\"url\":\"https:\\\/\\\/www.fw-pfaffenhofen-glonn.de\\\/wp-content\\\/uploads\\\/2025\\\/04\\\/Feuerfuechse.png\",\"contentUrl\":\"https:\\\/\\\/www.fw-pfaffenhofen-glonn.de\\\/wp-content\\\/uploads\\\/2025\\\/04\\\/Feuerfuechse.png\",\"width\":5833,\"height\":6667,\"caption\":\"Kinderfeuerwehr \\\"Feuerf\u00fcchse Pfaffenhofen an der Glonn\\\"\"},{\"@type\":\"BreadcrumbList\",\"@id\":\"https:\\\/\\\/www.fw-pfaffenhofen-glonn.de\\\/index.php\\\/kinderfeuerwehr\\\/#breadcrumb\",\"itemListElement\":[{\"@type\":\"ListItem\",\"position\":1,\"name\":\"Startseite\",\"item\":\"https:\\\/\\\/www.fw-pfaffenhofen-glonn.de\\\/\"},{\"@type\":\"ListItem\",\"position\":2,\"name\":\"Kinder\"}]},{\"@type\":\"WebSite\",\"@id\":\"https:\\\/\\\/www.fw-pfaffenhofen-glonn.de\\\/#website\",\"url\":\"https:\\\/\\\/www.fw-pfaffenhofen-glonn.de\\\/\",\"name\":\"Freiwillige Feuerwehr Pfaffenhofen a. d. Glonn e.V.\",\"description\":\"\",\"publisher\":{\"@id\":\"https:\\\/\\\/www.fw-pfaffenhofen-glonn.de\\\/#organization\"},\"potentialAction\":[{\"@type\":\"SearchAction\",\"target\":{\"@type\":\"EntryPoint\",\"urlTemplate\":\"https:\\\/\\\/www.fw-pfaffenhofen-glonn.de\\\/?s={search_term_string}\"},\"query-input\":{\"@type\":\"PropertyValueSpecification\",\"valueRequired\":true,\"valueName\":\"search_term_string\"}}],\"inLanguage\":\"de\"},{\"@type\":\"Organization\",\"@id\":\"https:\\\/\\\/www.fw-pfaffenhofen-glonn.de\\\/#organization\",\"name\":\"Freiwillige Feuerwehr Pfaffenhofen a. d. Glonn e.V.\",\"url\":\"https:\\\/\\\/www.fw-pfaffenhofen-glonn.de\\\/\",\"logo\":{\"@type\":\"ImageObject\",\"inLanguage\":\"de\",\"@id\":\"https:\\\/\\\/www.fw-pfaffenhofen-glonn.de\\\/#\\\/schema\\\/logo\\\/image\\\/\",\"url\":\"https:\\\/\\\/www.fw-pfaffenhofen-glonn.de\\\/wp-content\\\/uploads\\\/2023\\\/06\\\/Feuerwehr-Pfaffenhofen-Logo-invertiert-header-2.png\",\"contentUrl\":\"https:\\\/\\\/www.fw-pfaffenhofen-glonn.de\\\/wp-content\\\/uploads\\\/2023\\\/06\\\/Feuerwehr-Pfaffenhofen-Logo-invertiert-header-2.png\",\"width\":1077,\"height\":500,\"caption\":\"Freiwillige Feuerwehr Pfaffenhofen a. d. Glonn e.V.\"},\"image\":{\"@id\":\"https:\\\/\\\/www.fw-pfaffenhofen-glonn.de\\\/#\\\/schema\\\/logo\\\/image\\\/\"}}]}<\/script>\n<!-- \/ Yoast SEO plugin. -->","yoast_head_json":{"title":"Kinder - Freiwillige Feuerwehr Pfaffenhofen a. d. Glonn e.V.","description":"Kinderfeuerwehr \u201eFeuerf\u00fcchse Pfaffenhofen an der Glonn\u201c startet ab Mai 2025. Schulkinder zwischen 6 und 11 Jahren k\u00f6nnen sich hier anmelden.","robots":{"index":"index","follow":"follow","max-snippet":"max-snippet:-1","max-image-preview":"max-image-preview:large","max-video-preview":"max-video-preview:-1"},"canonical":"https:\/\/www.fw-pfaffenhofen-glonn.de\/index.php\/kinderfeuerwehr\/","og_locale":"de_DE","og_type":"article","og_title":"Kinder - Freiwillige Feuerwehr Pfaffenhofen a. d. Glonn e.V.","og_description":"Kinderfeuerwehr \u201eFeuerf\u00fcchse Pfaffenhofen an der Glonn\u201c startet ab Mai 2025. Schulkinder zwischen 6 und 11 Jahren k\u00f6nnen sich hier anmelden.","og_url":"https:\/\/www.fw-pfaffenhofen-glonn.de\/index.php\/kinderfeuerwehr\/","og_site_name":"Freiwillige Feuerwehr Pfaffenhofen a. d. Glonn e.V.","article_modified_time":"2025-11-26T10:37:57+00:00","og_image":[{"width":896,"height":1024,"url":"https:\/\/www.fw-pfaffenhofen-glonn.de\/wp-content\/uploads\/2025\/04\/Feuerfuechse-896x1024.png","type":"image\/png"}],"twitter_card":"summary_large_image","twitter_misc":{"Gesch\u00e4tzte Lesezeit":"2\u00a0Minuten"},"schema":{"@context":"https:\/\/schema.org","@graph":[{"@type":"WebPage","@id":"https:\/\/www.fw-pfaffenhofen-glonn.de\/index.php\/kinderfeuerwehr\/","url":"https:\/\/www.fw-pfaffenhofen-glonn.de\/index.php\/kinderfeuerwehr\/","name":"Kinder - Freiwillige Feuerwehr Pfaffenhofen a. d. Glonn e.V.","isPartOf":{"@id":"https:\/\/www.fw-pfaffenhofen-glonn.de\/#website"},"primaryImageOfPage":{"@id":"https:\/\/www.fw-pfaffenhofen-glonn.de\/index.php\/kinderfeuerwehr\/#primaryimage"},"image":{"@id":"https:\/\/www.fw-pfaffenhofen-glonn.de\/index.php\/kinderfeuerwehr\/#primaryimage"},"thumbnailUrl":"https:\/\/www.fw-pfaffenhofen-glonn.de\/wp-content\/uploads\/2025\/04\/Feuerfuechse.png","datePublished":"2025-04-06T14:11:07+00:00","dateModified":"2025-11-26T10:37:57+00:00","description":"Kinderfeuerwehr \u201eFeuerf\u00fcchse Pfaffenhofen an der Glonn\u201c startet ab Mai 2025. Schulkinder zwischen 6 und 11 Jahren k\u00f6nnen sich hier anmelden.","breadcrumb":{"@id":"https:\/\/www.fw-pfaffenhofen-glonn.de\/index.php\/kinderfeuerwehr\/#breadcrumb"},"inLanguage":"de","potentialAction":[{"@type":"ReadAction","target":["https:\/\/www.fw-pfaffenhofen-glonn.de\/index.php\/kinderfeuerwehr\/"]}]},{"@type":"ImageObject","inLanguage":"de","@id":"https:\/\/www.fw-pfaffenhofen-glonn.de\/index.php\/kinderfeuerwehr\/#primaryimage","url":"https:\/\/www.fw-pfaffenhofen-glonn.de\/wp-content\/uploads\/2025\/04\/Feuerfuechse.png","contentUrl":"https:\/\/www.fw-pfaffenhofen-glonn.de\/wp-content\/uploads\/2025\/04\/Feuerfuechse.png","width":5833,"height":6667,"caption":"Kinderfeuerwehr \"Feuerf\u00fcchse Pfaffenhofen an der Glonn\""},{"@type":"BreadcrumbList","@id":"https:\/\/www.fw-pfaffenhofen-glonn.de\/index.php\/kinderfeuerwehr\/#breadcrumb","itemListElement":[{"@type":"ListItem","position":1,"name":"Startseite","item":"https:\/\/www.fw-pfaffenhofen-glonn.de\/"},{"@type":"ListItem","position":2,"name":"Kinder"}]},{"@type":"WebSite","@id":"https:\/\/www.fw-pfaffenhofen-glonn.de\/#website","url":"https:\/\/www.fw-pfaffenhofen-glonn.de\/","name":"Freiwillige Feuerwehr Pfaffenhofen a. d. Glonn e.V.","description":"","publisher":{"@id":"https:\/\/www.fw-pfaffenhofen-glonn.de\/#organization"},"potentialAction":[{"@type":"SearchAction","target":{"@type":"EntryPoint","urlTemplate":"https:\/\/www.fw-pfaffenhofen-glonn.de\/?s={search_term_string}"},"query-input":{"@type":"PropertyValueSpecification","valueRequired":true,"valueName":"search_term_string"}}],"inLanguage":"de"},{"@type":"Organization","@id":"https:\/\/www.fw-pfaffenhofen-glonn.de\/#organization","name":"Freiwillige Feuerwehr Pfaffenhofen a. d. Glonn e.V.","url":"https:\/\/www.fw-pfaffenhofen-glonn.de\/","logo":{"@type":"ImageObject","inLanguage":"de","@id":"https:\/\/www.fw-pfaffenhofen-glonn.de\/#\/schema\/logo\/image\/","url":"https:\/\/www.fw-pfaffenhofen-glonn.de\/wp-content\/uploads\/2023\/06\/Feuerwehr-Pfaffenhofen-Logo-invertiert-header-2.png","contentUrl":"https:\/\/www.fw-pfaffenhofen-glonn.de\/wp-content\/uploads\/2023\/06\/Feuerwehr-Pfaffenhofen-Logo-invertiert-header-2.png","width":1077,"height":500,"caption":"Freiwillige Feuerwehr Pfaffenhofen a. d. Glonn e.V."},"image":{"@id":"https:\/\/www.fw-pfaffenhofen-glonn.de\/#\/schema\/logo\/image\/"}}]}},"_links":{"self":[{"href":"https:\/\/www.fw-pfaffenhofen-glonn.de\/index.php\/wp-json\/wp\/v2\/pages\/2557","targetHints":{"allow":["GET"]}}],"collection":[{"href":"https:\/\/www.fw-pfaffenhofen-glonn.de\/index.php\/wp-json\/wp\/v2\/pages"}],"about":[{"href":"https:\/\/www.fw-pfaffenhofen-glonn.de\/index.php\/wp-json\/wp\/v2\/types\/page"}],"author":[{"embeddable":true,"href":"https:\/\/www.fw-pfaffenhofen-glonn.de\/index.php\/wp-json\/wp\/v2\/users\/5"}],"replies":[{"embeddable":true,"href":"https:\/\/www.fw-pfaffenhofen-glonn.de\/index.php\/wp-json\/wp\/v2\/comments?post=2557"}],"version-history":[{"count":31,"href":"https:\/\/www.fw-pfaffenhofen-glonn.de\/index.php\/wp-json\/wp\/v2\/pages\/2557\/revisions"}],"predecessor-version":[{"id":2958,"href":"https:\/\/www.fw-pfaffenhofen-glonn.de\/index.php\/wp-json\/wp\/v2\/pages\/2557\/revisions\/2958"}],"wp:attachment":[{"href":"https:\/\/www.fw-pfaffenhofen-glonn.de\/index.php\/wp-json\/wp\/v2\/media?parent=2557"}],"curies":[{"name":"wp","href":"https:\/\/api.w.org\/{rel}","templated":true}]}}