{"id":663,"date":"2021-08-05T15:56:37","date_gmt":"2021-08-05T13:56:37","guid":{"rendered":"https:\/\/www.fw-pfaffenhofen-glonn.de\/?page_id=663"},"modified":"2026-02-09T17:19:53","modified_gmt":"2026-02-09T16:19:53","slug":"jugendfeuerwehr","status":"publish","type":"page","link":"https:\/\/www.fw-pfaffenhofen-glonn.de\/index.php\/jugendfeuerwehr\/","title":{"rendered":"Jugend"},"content":{"rendered":"\t\t<div data-elementor-type=\"wp-page\" data-elementor-id=\"663\" class=\"elementor elementor-663\">\n\t\t\t\t\t\t<section class=\"elementor-section elementor-top-section elementor-element elementor-element-41e5894 elementor-section-height-min-height elementor-section-content-middle animated-slow elementor-section-boxed elementor-section-height-default elementor-section-items-middle\" data-id=\"41e5894\" data-element_type=\"section\" data-e-type=\"section\" data-settings=\"{&quot;background_background&quot;:&quot;classic&quot;,&quot;animation&quot;:&quot;none&quot;,&quot;animation_delay&quot;:100}\">\n\t\t\t\t\t\t<div class=\"elementor-container elementor-column-gap-default\">\n\t\t\t\t\t<div class=\"elementor-column elementor-col-100 elementor-top-column elementor-element elementor-element-155266f\" data-id=\"155266f\" data-element_type=\"column\" data-e-type=\"column\">\n\t\t\t<div class=\"elementor-widget-wrap\">\n\t\t\t\t\t\t\t<\/div>\n\t\t<\/div>\n\t\t\t\t\t<\/div>\n\t\t<\/section>\n\t\t\t\t<section class=\"elementor-section elementor-top-section elementor-element elementor-element-723b9b7 elementor-section-boxed elementor-section-height-default elementor-section-height-default\" data-id=\"723b9b7\" data-element_type=\"section\" data-e-type=\"section\">\n\t\t\t\t\t\t<div class=\"elementor-container elementor-column-gap-default\">\n\t\t\t\t\t<div class=\"elementor-column elementor-col-100 elementor-top-column elementor-element elementor-element-8889597\" data-id=\"8889597\" data-element_type=\"column\" data-e-type=\"column\">\n\t\t\t<div class=\"elementor-widget-wrap elementor-element-populated\">\n\t\t\t\t\t\t<div class=\"elementor-element elementor-element-70f1111 elementor-widget elementor-widget-spacer\" data-id=\"70f1111\" data-element_type=\"widget\" data-e-type=\"widget\" data-widget_type=\"spacer.default\">\n\t\t\t\t<div class=\"elementor-widget-container\">\n\t\t\t\t\t\t\t<div class=\"elementor-spacer\">\n\t\t\t<div class=\"elementor-spacer-inner\"><\/div>\n\t\t<\/div>\n\t\t\t\t\t\t<\/div>\n\t\t\t\t<\/div>\n\t\t\t\t\t<\/div>\n\t\t<\/div>\n\t\t\t\t\t<\/div>\n\t\t<\/section>\n\t\t\t\t<section class=\"elementor-section elementor-top-section elementor-element elementor-element-d96cb14 elementor-section-boxed elementor-section-height-default elementor-section-height-default\" data-id=\"d96cb14\" data-element_type=\"section\" data-e-type=\"section\">\n\t\t\t\t\t\t<div class=\"elementor-container elementor-column-gap-default\">\n\t\t\t\t\t<div class=\"elementor-column elementor-col-50 elementor-top-column elementor-element elementor-element-b38b4ec\" data-id=\"b38b4ec\" data-element_type=\"column\" data-e-type=\"column\">\n\t\t\t<div class=\"elementor-widget-wrap elementor-element-populated\">\n\t\t\t\t\t\t<div class=\"elementor-element elementor-element-8971b20 animated-slow elementor-invisible elementor-widget elementor-widget-heading\" data-id=\"8971b20\" data-element_type=\"widget\" data-e-type=\"widget\" data-settings=\"{&quot;_animation&quot;:&quot;fadeInLeft&quot;,&quot;_animation_delay&quot;:300}\" data-widget_type=\"heading.default\">\n\t\t\t\t<div class=\"elementor-widget-container\">\n\t\t\t\t\t<h1 class=\"elementor-heading-title elementor-size-xl\">Du wirst gebraucht!<\/h1>\t\t\t\t<\/div>\n\t\t\t\t<\/div>\n\t\t\t\t<div class=\"elementor-element elementor-element-40319e5 animated-slow elementor-hidden-mobile elementor-widget elementor-widget-image\" data-id=\"40319e5\" data-element_type=\"widget\" data-e-type=\"widget\" data-settings=\"{&quot;_animation&quot;:&quot;none&quot;,&quot;_animation_delay&quot;:200}\" data-widget_type=\"image.default\">\n\t\t\t\t<div class=\"elementor-widget-container\">\n\t\t\t\t\t\t\t\t\t\t\t\t\t\t\t<img fetchpriority=\"high\" decoding=\"async\" width=\"768\" height=\"1024\" src=\"https:\/\/www.fw-pfaffenhofen-glonn.de\/wp-content\/uploads\/2022\/09\/78e5aa82-27a3-4f21-a823-965d03fd65a4-768x1024.jpg\" class=\"attachment-medium_large size-medium_large wp-image-746\" alt=\"Jugendleistungspr\u00fcfung 2022\" srcset=\"https:\/\/www.fw-pfaffenhofen-glonn.de\/wp-content\/uploads\/2022\/09\/78e5aa82-27a3-4f21-a823-965d03fd65a4-768x1024.jpg 768w, https:\/\/www.fw-pfaffenhofen-glonn.de\/wp-content\/uploads\/2022\/09\/78e5aa82-27a3-4f21-a823-965d03fd65a4-225x300.jpg 225w, https:\/\/www.fw-pfaffenhofen-glonn.de\/wp-content\/uploads\/2022\/09\/78e5aa82-27a3-4f21-a823-965d03fd65a4-1152x1536.jpg 1152w, https:\/\/www.fw-pfaffenhofen-glonn.de\/wp-content\/uploads\/2022\/09\/78e5aa82-27a3-4f21-a823-965d03fd65a4.jpg 1500w\" sizes=\"(max-width: 768px) 100vw, 768px\" \/>\t\t\t\t\t\t\t\t\t\t\t\t\t\t\t<\/div>\n\t\t\t\t<\/div>\n\t\t\t\t\t<\/div>\n\t\t<\/div>\n\t\t\t\t<div class=\"elementor-column elementor-col-50 elementor-top-column elementor-element elementor-element-2a2251b\" data-id=\"2a2251b\" data-element_type=\"column\" data-e-type=\"column\">\n\t\t\t<div class=\"elementor-widget-wrap elementor-element-populated\">\n\t\t\t\t\t\t<div class=\"elementor-element elementor-element-8e1b65c animated-slow elementor-invisible elementor-widget elementor-widget-heading\" data-id=\"8e1b65c\" data-element_type=\"widget\" data-e-type=\"widget\" data-settings=\"{&quot;_animation&quot;:&quot;fadeInRight&quot;,&quot;_animation_delay&quot;:400}\" data-widget_type=\"heading.default\">\n\t\t\t\t<div class=\"elementor-widget-container\">\n\t\t\t\t\t<h2 class=\"elementor-heading-title elementor-size-xl\">... bei der Jugend&shy;feuerwehr<\/h2>\t\t\t\t<\/div>\n\t\t\t\t<\/div>\n\t\t\t\t<div class=\"elementor-element elementor-element-b81f3c3 elementor-widget-divider--view-line elementor-widget elementor-widget-divider\" data-id=\"b81f3c3\" data-element_type=\"widget\" data-e-type=\"widget\" data-widget_type=\"divider.default\">\n\t\t\t\t<div class=\"elementor-widget-container\">\n\t\t\t\t\t\t\t<div class=\"elementor-divider\">\n\t\t\t<span class=\"elementor-divider-separator\">\n\t\t\t\t\t\t<\/span>\n\t\t<\/div>\n\t\t\t\t\t\t<\/div>\n\t\t\t\t<\/div>\n\t\t\t\t<div class=\"elementor-element elementor-element-bc08571 elementor-widget elementor-widget-text-editor\" data-id=\"bc08571\" data-element_type=\"widget\" data-e-type=\"widget\" data-widget_type=\"text-editor.default\">\n\t\t\t\t<div class=\"elementor-widget-container\">\n\t\t\t\t\t\t\t\t\t<p>Du interessierst dich f\u00fcr die Feuerwehr? Dann starte deine Karriere bei uns in der Jugendfeuerwehr!\u00a0<\/p>\n<p>Wir w\u00fcrden uns freuen, Dich dabei begr\u00fc\u00dfen zu d\u00fcrfen. Du solltest mindestens 12 Jahre alt sein und Lust auf Teamwork, Techniken zur Feuerbek\u00e4mpfung und technischen Hilfeleistung haben.\u00a0<\/p>\n<p><!-- \/wp:paragraph --><!-- wp:paragraph --><\/p>\n<p>Unsere \u00dcbungen finden immer am 2. Mittwoch im Monat von 18:00 bis 19:30 Uhr im neuen Feuerwehrhaus statt. Dort zeigen wir euch in Theorie- und Praxisstunden, was es hei\u00dft, Teil der freiwilligen Feuerwehr zu sein.\u00a0<\/p>\n<p><!-- \/wp:paragraph --><!-- wp:paragraph --><\/p>\n<p>Bei Interesse an der Jugendfeuerwehr meldet euch gerne bei unserem Jugendwart Ren\u00e9 Knopp unter\u00a0<a href=\"mailto:jugendfeuerwehr@fw-pfaffenhofen-glonn.de\">jugendfeuerwehr@fw-pfaffenhofen-glonn.de<\/a>\u00a0mit Name, Alter und eurem Anliegen.\u00a0<\/p>\n<p><!-- \/wp:paragraph --><!-- wp:paragraph --><\/p>\n<p><b>Wir freuen uns auf Euch!<\/b><\/p>\t\t\t\t\t\t\t\t<\/div>\n\t\t\t\t<\/div>\n\t\t\t\t\t<\/div>\n\t\t<\/div>\n\t\t\t\t\t<\/div>\n\t\t<\/section>\n\t\t\t\t<section class=\"elementor-section elementor-top-section elementor-element elementor-element-3902ca2 elementor-section-boxed elementor-section-height-default elementor-section-height-default\" data-id=\"3902ca2\" data-element_type=\"section\" data-e-type=\"section\">\n\t\t\t\t\t\t<div class=\"elementor-container elementor-column-gap-default\">\n\t\t\t\t\t<div class=\"elementor-column elementor-col-100 elementor-top-column elementor-element elementor-element-23852f3\" data-id=\"23852f3\" data-element_type=\"column\" data-e-type=\"column\">\n\t\t\t<div class=\"elementor-widget-wrap elementor-element-populated\">\n\t\t\t\t\t\t<div class=\"elementor-element elementor-element-2428fc7 elementor-widget elementor-widget-spacer\" data-id=\"2428fc7\" data-element_type=\"widget\" data-e-type=\"widget\" data-widget_type=\"spacer.default\">\n\t\t\t\t<div class=\"elementor-widget-container\">\n\t\t\t\t\t\t\t<div class=\"elementor-spacer\">\n\t\t\t<div class=\"elementor-spacer-inner\"><\/div>\n\t\t<\/div>\n\t\t\t\t\t\t<\/div>\n\t\t\t\t<\/div>\n\t\t\t\t<div class=\"elementor-element elementor-element-9675a10 elementor-widget elementor-widget-spacer\" data-id=\"9675a10\" data-element_type=\"widget\" data-e-type=\"widget\" data-widget_type=\"spacer.default\">\n\t\t\t\t<div class=\"elementor-widget-container\">\n\t\t\t\t\t\t\t<div class=\"elementor-spacer\">\n\t\t\t<div class=\"elementor-spacer-inner\"><\/div>\n\t\t<\/div>\n\t\t\t\t\t\t<\/div>\n\t\t\t\t<\/div>\n\t\t\t\t\t<\/div>\n\t\t<\/div>\n\t\t\t\t\t<\/div>\n\t\t<\/section>\n\t\t\t\t<section class=\"elementor-section elementor-top-section elementor-element elementor-element-2ef9184 elementor-section-boxed elementor-section-height-default elementor-section-height-default\" data-id=\"2ef9184\" data-element_type=\"section\" data-e-type=\"section\" data-settings=\"{&quot;background_background&quot;:&quot;classic&quot;}\">\n\t\t\t\t\t\t<div class=\"elementor-container elementor-column-gap-default\">\n\t\t\t\t\t<div class=\"elementor-column elementor-col-100 elementor-top-column elementor-element elementor-element-2c2be6f\" data-id=\"2c2be6f\" data-element_type=\"column\" data-e-type=\"column\">\n\t\t\t<div class=\"elementor-widget-wrap elementor-element-populated\">\n\t\t\t\t\t\t<div class=\"elementor-element elementor-element-22337ef elementor-widget elementor-widget-spacer\" data-id=\"22337ef\" data-element_type=\"widget\" data-e-type=\"widget\" data-widget_type=\"spacer.default\">\n\t\t\t\t<div class=\"elementor-widget-container\">\n\t\t\t\t\t\t\t<div class=\"elementor-spacer\">\n\t\t\t<div class=\"elementor-spacer-inner\"><\/div>\n\t\t<\/div>\n\t\t\t\t\t\t<\/div>\n\t\t\t\t<\/div>\n\t\t\t\t<div class=\"elementor-element elementor-element-f35f7a7 elementor-widget-divider--view-line_icon elementor-view-default elementor-widget-divider--element-align-center elementor-widget elementor-widget-divider\" data-id=\"f35f7a7\" data-element_type=\"widget\" data-e-type=\"widget\" data-widget_type=\"divider.default\">\n\t\t\t\t<div class=\"elementor-widget-container\">\n\t\t\t\t\t\t\t<div class=\"elementor-divider\">\n\t\t\t<span class=\"elementor-divider-separator\">\n\t\t\t\t\t\t\t<div class=\"elementor-icon elementor-divider__element\">\n\t\t\t\t\t<i aria-hidden=\"true\" class=\"fas fa-fire\"><\/i><\/div>\n\t\t\t\t\t\t<\/span>\n\t\t<\/div>\n\t\t\t\t\t\t<\/div>\n\t\t\t\t<\/div>\n\t\t\t\t<div class=\"elementor-element elementor-element-23b3cd2 ekit-image-accordion-mobile-vertical ekit-image-accordion-horizontal ekit-image-accordion-click elementor-widget elementor-widget-elementskit-image-accordion\" data-id=\"23b3cd2\" data-element_type=\"widget\" data-e-type=\"widget\" data-widget_type=\"elementskit-image-accordion.default\">\n\t\t\t\t<div class=\"elementor-widget-container\">\n\t\t\t\t\t<div class=\"ekit-wid-con\" >\t\t<div class=\"ekit-image-accordion elementskit-image-accordion-wraper\">\n\t\t\t                <input type=\"radio\" name=\"ekit_ia_23b3cd2\" id=\"ekit_ia_23b3cd2_0\" class=\"elementskit-single-image-accordion--input\" hidden>\n                <label for=\"ekit_ia_23b3cd2_0\" class=\"elementskit-single-image-accordion ekit-image-accordion-item\" style=\"background-image: url(https:\/\/www.fw-pfaffenhofen-glonn.de\/wp-content\/uploads\/2022\/09\/76663465-4fd0-494d-935d-5e8e05021875.jpg)\">\n                    <span class=\"elementskit-accordion-content\">\n\t\t\t\t\t\t\t\t\t\t\t\t\t<span class=\"elementskit-accordion-title-wraper\">\n\t\t\t\t\t\t\t\t<span class=\"elementskit-accordion-title \">\n\t\t\t\t\t\t\t\t\n\t\t\t\t\t\t\t\t\n\t\t\t\t\t\t\t\t\t\t\t\t\t\t\t\t<\/span>\n\t\t\t\t\t\t\t<\/span>\n\t\t\t\t\t\t\t                    <\/span>\n                <\/label>\n                            <input type=\"radio\" name=\"ekit_ia_23b3cd2\" id=\"ekit_ia_23b3cd2_1\" class=\"elementskit-single-image-accordion--input\" hidden>\n                <label for=\"ekit_ia_23b3cd2_1\" class=\"elementskit-single-image-accordion ekit-image-accordion-item\" style=\"background-image: url(https:\/\/www.fw-pfaffenhofen-glonn.de\/wp-content\/uploads\/2022\/09\/d5fb60c0-9568-42c4-a55d-d68ef2684d3a.jpg)\">\n                    <span class=\"elementskit-accordion-content\">\n\t\t\t\t\t\t\t\t\t\t\t\t\t<span class=\"elementskit-accordion-title-wraper\">\n\t\t\t\t\t\t\t\t<span class=\"elementskit-accordion-title \">\n\t\t\t\t\t\t\t\t\n\t\t\t\t\t\t\t\t\n\t\t\t\t\t\t\t\t\t\t\t\t\t\t\t\t<\/span>\n\t\t\t\t\t\t\t<\/span>\n\t\t\t\t\t\t\t                    <\/span>\n                <\/label>\n                            <input type=\"radio\" name=\"ekit_ia_23b3cd2\" id=\"ekit_ia_23b3cd2_2\" class=\"elementskit-single-image-accordion--input\" checked=\"checked\" hidden>\n                <label for=\"ekit_ia_23b3cd2_2\" class=\"elementskit-single-image-accordion ekit-image-accordion-item\" style=\"background-image: url(https:\/\/www.fw-pfaffenhofen-glonn.de\/wp-content\/uploads\/2022\/09\/053528cf-a9bf-4ece-8806-533cc1722d99.jpg)\">\n                    <span class=\"elementskit-accordion-content\">\n\t\t\t\t\t\t\t\t\t\t\t\t\t<span class=\"elementskit-accordion-title-wraper\">\n\t\t\t\t\t\t\t\t<span class=\"elementskit-accordion-title \">\n\t\t\t\t\t\t\t\t\n\t\t\t\t\t\t\t\t\n\t\t\t\t\t\t\t\t\t\t\t\t\t\t\t\t<\/span>\n\t\t\t\t\t\t\t<\/span>\n\t\t\t\t\t\t\t                    <\/span>\n                <\/label>\n                            <input type=\"radio\" name=\"ekit_ia_23b3cd2\" id=\"ekit_ia_23b3cd2_3\" class=\"elementskit-single-image-accordion--input\" hidden>\n                <label for=\"ekit_ia_23b3cd2_3\" class=\"elementskit-single-image-accordion ekit-image-accordion-item\" style=\"background-image: url(https:\/\/www.fw-pfaffenhofen-glonn.de\/wp-content\/uploads\/2022\/09\/b304b264-5bed-4c8c-84c9-d292f3dab279.jpg)\">\n                    <span class=\"elementskit-accordion-content\">\n\t\t\t\t\t\t\t\t\t\t\t\t\t<span class=\"elementskit-accordion-title-wraper\">\n\t\t\t\t\t\t\t\t<span class=\"elementskit-accordion-title \">\n\t\t\t\t\t\t\t\t\n\t\t\t\t\t\t\t\t\n\t\t\t\t\t\t\t\t\t\t\t\t\t\t\t\t<\/span>\n\t\t\t\t\t\t\t<\/span>\n\t\t\t\t\t\t\t                    <\/span>\n                <\/label>\n                            <input type=\"radio\" name=\"ekit_ia_23b3cd2\" id=\"ekit_ia_23b3cd2_4\" class=\"elementskit-single-image-accordion--input\" hidden>\n                <label for=\"ekit_ia_23b3cd2_4\" class=\"elementskit-single-image-accordion ekit-image-accordion-item\" style=\"background-image: url(https:\/\/www.fw-pfaffenhofen-glonn.de\/wp-content\/uploads\/2022\/09\/0fa05757-9c20-4e74-9c3d-d4c6ee8772f9-1.jpg)\">\n                    <span class=\"elementskit-accordion-content\">\n\t\t\t\t\t\t\t\t\t\t\t\t\t<span class=\"elementskit-accordion-title-wraper\">\n\t\t\t\t\t\t\t\t<span class=\"elementskit-accordion-title \">\n\t\t\t\t\t\t\t\t\n\t\t\t\t\t\t\t\t\n\t\t\t\t\t\t\t\t\t\t\t\t\t\t\t\t<\/span>\n\t\t\t\t\t\t\t<\/span>\n\t\t\t\t\t\t\t                    <\/span>\n                <\/label>\n                            <input type=\"radio\" name=\"ekit_ia_23b3cd2\" id=\"ekit_ia_23b3cd2_5\" class=\"elementskit-single-image-accordion--input\" hidden>\n                <label for=\"ekit_ia_23b3cd2_5\" class=\"elementskit-single-image-accordion ekit-image-accordion-item\" style=\"background-image: url(https:\/\/www.fw-pfaffenhofen-glonn.de\/wp-content\/uploads\/2024\/11\/IMG_7285-scaled.jpg)\">\n                    <span class=\"elementskit-accordion-content\">\n\t\t\t\t\t\t\t\t\t\t\t\t\t<span class=\"elementskit-accordion-title-wraper\">\n\t\t\t\t\t\t\t\t<span class=\"elementskit-accordion-title \">\n\t\t\t\t\t\t\t\t\n\t\t\t\t\t\t\t\t\n\t\t\t\t\t\t\t\t\t\t\t\t\t\t\t\t<\/span>\n\t\t\t\t\t\t\t<\/span>\n\t\t\t\t\t\t\t                    <\/span>\n                <\/label>\n                            <input type=\"radio\" name=\"ekit_ia_23b3cd2\" id=\"ekit_ia_23b3cd2_6\" class=\"elementskit-single-image-accordion--input\" hidden>\n                <label for=\"ekit_ia_23b3cd2_6\" class=\"elementskit-single-image-accordion ekit-image-accordion-item\" style=\"background-image: url(https:\/\/www.fw-pfaffenhofen-glonn.de\/wp-content\/uploads\/2025\/03\/IMG_7292-2-scaled.jpg)\">\n                    <span class=\"elementskit-accordion-content\">\n\t\t\t\t\t\t\t\t\t\t\t\t\t<span class=\"elementskit-accordion-title-wraper\">\n\t\t\t\t\t\t\t\t<span class=\"elementskit-accordion-title \">\n\t\t\t\t\t\t\t\t\n\t\t\t\t\t\t\t\t\n\t\t\t\t\t\t\t\t\t\t\t\t\t\t\t\t<\/span>\n\t\t\t\t\t\t\t<\/span>\n\t\t\t\t\t\t\t                    <\/span>\n                <\/label>\n                            <input type=\"radio\" name=\"ekit_ia_23b3cd2\" id=\"ekit_ia_23b3cd2_7\" class=\"elementskit-single-image-accordion--input\" hidden>\n                <label for=\"ekit_ia_23b3cd2_7\" class=\"elementskit-single-image-accordion ekit-image-accordion-item\" style=\"background-image: url(https:\/\/www.fw-pfaffenhofen-glonn.de\/wp-content\/uploads\/2025\/03\/IMG_7344-scaled.jpg)\">\n                    <span class=\"elementskit-accordion-content\">\n\t\t\t\t\t\t\t\t\t\t\t\t\t<span class=\"elementskit-accordion-title-wraper\">\n\t\t\t\t\t\t\t\t<span class=\"elementskit-accordion-title \">\n\t\t\t\t\t\t\t\t\n\t\t\t\t\t\t\t\t\n\t\t\t\t\t\t\t\t\t\t\t\t\t\t\t\t<\/span>\n\t\t\t\t\t\t\t<\/span>\n\t\t\t\t\t\t\t                    <\/span>\n                <\/label>\n                    <\/div>\n    <\/div>\t\t\t\t<\/div>\n\t\t\t\t<\/div>\n\t\t\t\t<div class=\"elementor-element elementor-element-9e10fd1 elementor-widget elementor-widget-spacer\" data-id=\"9e10fd1\" data-element_type=\"widget\" data-e-type=\"widget\" data-widget_type=\"spacer.default\">\n\t\t\t\t<div class=\"elementor-widget-container\">\n\t\t\t\t\t\t\t<div class=\"elementor-spacer\">\n\t\t\t<div class=\"elementor-spacer-inner\"><\/div>\n\t\t<\/div>\n\t\t\t\t\t\t<\/div>\n\t\t\t\t<\/div>\n\t\t\t\t<div class=\"elementor-element elementor-element-317d58e elementor-widget elementor-widget-heading\" data-id=\"317d58e\" data-element_type=\"widget\" data-e-type=\"widget\" data-widget_type=\"heading.default\">\n\t\t\t\t<div class=\"elementor-widget-container\">\n\t\t\t\t\t<h2 class=\"elementor-heading-title elementor-size-default\">Termin\u00fcbersicht<\/h2>\t\t\t\t<\/div>\n\t\t\t\t<\/div>\n\t\t\t\t<div class=\"elementor-element elementor-element-f0b9bea elementor-widget elementor-widget-text-editor\" data-id=\"f0b9bea\" data-element_type=\"widget\" data-e-type=\"widget\" data-widget_type=\"text-editor.default\">\n\t\t\t\t<div class=\"elementor-widget-container\">\n\t\t\t\t\t\t\t\t\t<p>\u00dcbungsplan der Jugendfeuerwehr f\u00fcr \u00dcbungen, Vortr\u00e4ge, Schulungen und Versammlungen der Freiwilligen Feuerwehr Pfaffenhofen a.d. Glonn<\/p>\n<p>Unsere Jugend-\u00dcbungen finden generell immer am 2. Mittwoch im Monat statt.<\/p>\t\t\t\t\t\t\t\t<\/div>\n\t\t\t\t<\/div>\n\t\t\t\t<div class=\"elementor-element elementor-element-a11dc0f elementor-widget elementor-widget-shortcode\" data-id=\"a11dc0f\" data-element_type=\"widget\" data-e-type=\"widget\" data-widget_type=\"shortcode.default\">\n\t\t\t\t<div class=\"elementor-widget-container\">\n\t\t\t\t\t\t\t<div class=\"elementor-shortcode\"><div class=\"r34ics-ajax-container loading\" id=\"r69f1e7a8e0eee33\" data-view=\"list\" data-view-is-list-style=\"1\" data-view-is-list-long=\"1\" data-args=\"3fb98eba5ee582f0cc52b12944465dca10c57cce\" data-js-args=\"{&quot;debug&quot;:null}\">&nbsp;<\/div><\/div>\n\t\t\t\t\t\t<\/div>\n\t\t\t\t<\/div>\n\t\t\t\t<div class=\"elementor-element elementor-element-c2410ff elementor-widget elementor-widget-text-editor\" data-id=\"c2410ff\" data-element_type=\"widget\" data-e-type=\"widget\" data-widget_type=\"text-editor.default\">\n\t\t\t\t<div class=\"elementor-widget-container\">\n\t\t\t\t\t\t\t\t\t<p><em>\u00c4nderungen sind jederzeit m\u00f6glich!<\/em><\/p>\t\t\t\t\t\t\t\t<\/div>\n\t\t\t\t<\/div>\n\t\t\t\t\t<\/div>\n\t\t<\/div>\n\t\t\t\t\t<\/div>\n\t\t<\/section>\n\t\t\t\t<\/div>\n\t\t","protected":false},"excerpt":{"rendered":"<p>Du wirst gebraucht! &#8230; bei der Jugend&shy;feuerwehr Du interessierst dich f\u00fcr die Feuerwehr? Dann starte deine Karriere bei uns in der Jugendfeuerwehr!\u00a0 Wir w\u00fcrden uns freuen, Dich dabei begr\u00fc\u00dfen zu d\u00fcrfen. Du solltest mindestens 12 Jahre alt sein und Lust auf Teamwork, Techniken zur Feuerbek\u00e4mpfung und technischen Hilfeleistung haben.\u00a0 Unsere \u00dcbungen finden immer am 2. [&hellip;]<\/p>\n","protected":false},"author":3,"featured_media":0,"parent":0,"menu_order":0,"comment_status":"closed","ping_status":"closed","template":"","meta":{"iawp_total_views":706,"footnotes":""},"class_list":["post-663","page","type-page","status-publish","hentry"],"yoast_head":"<!-- This site is optimized with the Yoast SEO plugin v27.5 - https:\/\/yoast.com\/product\/yoast-seo-wordpress\/ -->\n<title>Jugend - Freiwillige Feuerwehr Pfaffenhofen a. d. Glonn e.V.<\/title>\n<meta name=\"description\" content=\"Interesse an Feuerwehr? Dann starte deine Karriere in unserer Jugendfeuerwehr! Du solltest mind. 14 Jahre alt sein. Wir freuen uns auf dich!\" \/>\n<meta name=\"robots\" content=\"index, follow, max-snippet:-1, max-image-preview:large, max-video-preview:-1\" \/>\n<link rel=\"canonical\" href=\"https:\/\/www.fw-pfaffenhofen-glonn.de\/index.php\/jugendfeuerwehr\/\" \/>\n<meta property=\"og:locale\" content=\"de_DE\" \/>\n<meta property=\"og:type\" content=\"article\" \/>\n<meta property=\"og:title\" content=\"Jugend - Freiwillige Feuerwehr Pfaffenhofen a. d. Glonn e.V.\" \/>\n<meta property=\"og:description\" content=\"Interesse an Feuerwehr? Dann starte deine Karriere in unserer Jugendfeuerwehr! Du solltest mind. 14 Jahre alt sein. Wir freuen uns auf dich!\" \/>\n<meta property=\"og:url\" content=\"https:\/\/www.fw-pfaffenhofen-glonn.de\/index.php\/jugendfeuerwehr\/\" \/>\n<meta property=\"og:site_name\" content=\"Freiwillige Feuerwehr Pfaffenhofen a. d. Glonn e.V.\" \/>\n<meta property=\"article:modified_time\" content=\"2026-02-09T16:19:53+00:00\" \/>\n<meta property=\"og:image\" content=\"https:\/\/www.fw-pfaffenhofen-glonn.de\/wp-content\/uploads\/2022\/09\/78e5aa82-27a3-4f21-a823-965d03fd65a4.jpg\" \/>\n\t<meta property=\"og:image:width\" content=\"1500\" \/>\n\t<meta property=\"og:image:height\" content=\"2000\" \/>\n\t<meta property=\"og:image:type\" content=\"image\/jpeg\" \/>\n<meta name=\"twitter:card\" content=\"summary_large_image\" \/>\n<meta name=\"twitter:label1\" content=\"Gesch\u00e4tzte Lesezeit\" \/>\n\t<meta name=\"twitter:data1\" content=\"1\u00a0Minute\" \/>\n<script type=\"application\/ld+json\" class=\"yoast-schema-graph\">{\"@context\":\"https:\\\/\\\/schema.org\",\"@graph\":[{\"@type\":\"WebPage\",\"@id\":\"https:\\\/\\\/www.fw-pfaffenhofen-glonn.de\\\/index.php\\\/jugendfeuerwehr\\\/\",\"url\":\"https:\\\/\\\/www.fw-pfaffenhofen-glonn.de\\\/index.php\\\/jugendfeuerwehr\\\/\",\"name\":\"Jugend - Freiwillige Feuerwehr Pfaffenhofen a. d. Glonn e.V.\",\"isPartOf\":{\"@id\":\"https:\\\/\\\/www.fw-pfaffenhofen-glonn.de\\\/#website\"},\"primaryImageOfPage\":{\"@id\":\"https:\\\/\\\/www.fw-pfaffenhofen-glonn.de\\\/index.php\\\/jugendfeuerwehr\\\/#primaryimage\"},\"image\":{\"@id\":\"https:\\\/\\\/www.fw-pfaffenhofen-glonn.de\\\/index.php\\\/jugendfeuerwehr\\\/#primaryimage\"},\"thumbnailUrl\":\"https:\\\/\\\/www.fw-pfaffenhofen-glonn.de\\\/wp-content\\\/uploads\\\/2022\\\/09\\\/78e5aa82-27a3-4f21-a823-965d03fd65a4-768x1024.jpg\",\"datePublished\":\"2021-08-05T13:56:37+00:00\",\"dateModified\":\"2026-02-09T16:19:53+00:00\",\"description\":\"Interesse an Feuerwehr? Dann starte deine Karriere in unserer Jugendfeuerwehr! Du solltest mind. 14 Jahre alt sein. Wir freuen uns auf dich!\",\"breadcrumb\":{\"@id\":\"https:\\\/\\\/www.fw-pfaffenhofen-glonn.de\\\/index.php\\\/jugendfeuerwehr\\\/#breadcrumb\"},\"inLanguage\":\"de\",\"potentialAction\":[{\"@type\":\"ReadAction\",\"target\":[\"https:\\\/\\\/www.fw-pfaffenhofen-glonn.de\\\/index.php\\\/jugendfeuerwehr\\\/\"]}]},{\"@type\":\"ImageObject\",\"inLanguage\":\"de\",\"@id\":\"https:\\\/\\\/www.fw-pfaffenhofen-glonn.de\\\/index.php\\\/jugendfeuerwehr\\\/#primaryimage\",\"url\":\"https:\\\/\\\/www.fw-pfaffenhofen-glonn.de\\\/wp-content\\\/uploads\\\/2022\\\/09\\\/78e5aa82-27a3-4f21-a823-965d03fd65a4.jpg\",\"contentUrl\":\"https:\\\/\\\/www.fw-pfaffenhofen-glonn.de\\\/wp-content\\\/uploads\\\/2022\\\/09\\\/78e5aa82-27a3-4f21-a823-965d03fd65a4.jpg\",\"width\":1500,\"height\":2000,\"caption\":\"Jugendleistungspr\u00fcfung 2022\"},{\"@type\":\"BreadcrumbList\",\"@id\":\"https:\\\/\\\/www.fw-pfaffenhofen-glonn.de\\\/index.php\\\/jugendfeuerwehr\\\/#breadcrumb\",\"itemListElement\":[{\"@type\":\"ListItem\",\"position\":1,\"name\":\"Startseite\",\"item\":\"https:\\\/\\\/www.fw-pfaffenhofen-glonn.de\\\/\"},{\"@type\":\"ListItem\",\"position\":2,\"name\":\"Jugend\"}]},{\"@type\":\"WebSite\",\"@id\":\"https:\\\/\\\/www.fw-pfaffenhofen-glonn.de\\\/#website\",\"url\":\"https:\\\/\\\/www.fw-pfaffenhofen-glonn.de\\\/\",\"name\":\"Freiwillige Feuerwehr Pfaffenhofen a. d. Glonn e.V.\",\"description\":\"\",\"publisher\":{\"@id\":\"https:\\\/\\\/www.fw-pfaffenhofen-glonn.de\\\/#organization\"},\"potentialAction\":[{\"@type\":\"SearchAction\",\"target\":{\"@type\":\"EntryPoint\",\"urlTemplate\":\"https:\\\/\\\/www.fw-pfaffenhofen-glonn.de\\\/?s={search_term_string}\"},\"query-input\":{\"@type\":\"PropertyValueSpecification\",\"valueRequired\":true,\"valueName\":\"search_term_string\"}}],\"inLanguage\":\"de\"},{\"@type\":\"Organization\",\"@id\":\"https:\\\/\\\/www.fw-pfaffenhofen-glonn.de\\\/#organization\",\"name\":\"Freiwillige Feuerwehr Pfaffenhofen a. d. Glonn e.V.\",\"url\":\"https:\\\/\\\/www.fw-pfaffenhofen-glonn.de\\\/\",\"logo\":{\"@type\":\"ImageObject\",\"inLanguage\":\"de\",\"@id\":\"https:\\\/\\\/www.fw-pfaffenhofen-glonn.de\\\/#\\\/schema\\\/logo\\\/image\\\/\",\"url\":\"https:\\\/\\\/www.fw-pfaffenhofen-glonn.de\\\/wp-content\\\/uploads\\\/2023\\\/06\\\/Feuerwehr-Pfaffenhofen-Logo-invertiert-header-2.png\",\"contentUrl\":\"https:\\\/\\\/www.fw-pfaffenhofen-glonn.de\\\/wp-content\\\/uploads\\\/2023\\\/06\\\/Feuerwehr-Pfaffenhofen-Logo-invertiert-header-2.png\",\"width\":1077,\"height\":500,\"caption\":\"Freiwillige Feuerwehr Pfaffenhofen a. d. Glonn e.V.\"},\"image\":{\"@id\":\"https:\\\/\\\/www.fw-pfaffenhofen-glonn.de\\\/#\\\/schema\\\/logo\\\/image\\\/\"}}]}<\/script>\n<!-- \/ Yoast SEO plugin. -->","yoast_head_json":{"title":"Jugend - Freiwillige Feuerwehr Pfaffenhofen a. d. Glonn e.V.","description":"Interesse an Feuerwehr? Dann starte deine Karriere in unserer Jugendfeuerwehr! Du solltest mind. 14 Jahre alt sein. Wir freuen uns auf dich!","robots":{"index":"index","follow":"follow","max-snippet":"max-snippet:-1","max-image-preview":"max-image-preview:large","max-video-preview":"max-video-preview:-1"},"canonical":"https:\/\/www.fw-pfaffenhofen-glonn.de\/index.php\/jugendfeuerwehr\/","og_locale":"de_DE","og_type":"article","og_title":"Jugend - Freiwillige Feuerwehr Pfaffenhofen a. d. Glonn e.V.","og_description":"Interesse an Feuerwehr? Dann starte deine Karriere in unserer Jugendfeuerwehr! Du solltest mind. 14 Jahre alt sein. Wir freuen uns auf dich!","og_url":"https:\/\/www.fw-pfaffenhofen-glonn.de\/index.php\/jugendfeuerwehr\/","og_site_name":"Freiwillige Feuerwehr Pfaffenhofen a. d. Glonn e.V.","article_modified_time":"2026-02-09T16:19:53+00:00","og_image":[{"width":1500,"height":2000,"url":"https:\/\/www.fw-pfaffenhofen-glonn.de\/wp-content\/uploads\/2022\/09\/78e5aa82-27a3-4f21-a823-965d03fd65a4.jpg","type":"image\/jpeg"}],"twitter_card":"summary_large_image","twitter_misc":{"Gesch\u00e4tzte Lesezeit":"1\u00a0Minute"},"schema":{"@context":"https:\/\/schema.org","@graph":[{"@type":"WebPage","@id":"https:\/\/www.fw-pfaffenhofen-glonn.de\/index.php\/jugendfeuerwehr\/","url":"https:\/\/www.fw-pfaffenhofen-glonn.de\/index.php\/jugendfeuerwehr\/","name":"Jugend - Freiwillige Feuerwehr Pfaffenhofen a. d. Glonn e.V.","isPartOf":{"@id":"https:\/\/www.fw-pfaffenhofen-glonn.de\/#website"},"primaryImageOfPage":{"@id":"https:\/\/www.fw-pfaffenhofen-glonn.de\/index.php\/jugendfeuerwehr\/#primaryimage"},"image":{"@id":"https:\/\/www.fw-pfaffenhofen-glonn.de\/index.php\/jugendfeuerwehr\/#primaryimage"},"thumbnailUrl":"https:\/\/www.fw-pfaffenhofen-glonn.de\/wp-content\/uploads\/2022\/09\/78e5aa82-27a3-4f21-a823-965d03fd65a4-768x1024.jpg","datePublished":"2021-08-05T13:56:37+00:00","dateModified":"2026-02-09T16:19:53+00:00","description":"Interesse an Feuerwehr? Dann starte deine Karriere in unserer Jugendfeuerwehr! Du solltest mind. 14 Jahre alt sein. Wir freuen uns auf dich!","breadcrumb":{"@id":"https:\/\/www.fw-pfaffenhofen-glonn.de\/index.php\/jugendfeuerwehr\/#breadcrumb"},"inLanguage":"de","potentialAction":[{"@type":"ReadAction","target":["https:\/\/www.fw-pfaffenhofen-glonn.de\/index.php\/jugendfeuerwehr\/"]}]},{"@type":"ImageObject","inLanguage":"de","@id":"https:\/\/www.fw-pfaffenhofen-glonn.de\/index.php\/jugendfeuerwehr\/#primaryimage","url":"https:\/\/www.fw-pfaffenhofen-glonn.de\/wp-content\/uploads\/2022\/09\/78e5aa82-27a3-4f21-a823-965d03fd65a4.jpg","contentUrl":"https:\/\/www.fw-pfaffenhofen-glonn.de\/wp-content\/uploads\/2022\/09\/78e5aa82-27a3-4f21-a823-965d03fd65a4.jpg","width":1500,"height":2000,"caption":"Jugendleistungspr\u00fcfung 2022"},{"@type":"BreadcrumbList","@id":"https:\/\/www.fw-pfaffenhofen-glonn.de\/index.php\/jugendfeuerwehr\/#breadcrumb","itemListElement":[{"@type":"ListItem","position":1,"name":"Startseite","item":"https:\/\/www.fw-pfaffenhofen-glonn.de\/"},{"@type":"ListItem","position":2,"name":"Jugend"}]},{"@type":"WebSite","@id":"https:\/\/www.fw-pfaffenhofen-glonn.de\/#website","url":"https:\/\/www.fw-pfaffenhofen-glonn.de\/","name":"Freiwillige Feuerwehr Pfaffenhofen a. d. Glonn e.V.","description":"","publisher":{"@id":"https:\/\/www.fw-pfaffenhofen-glonn.de\/#organization"},"potentialAction":[{"@type":"SearchAction","target":{"@type":"EntryPoint","urlTemplate":"https:\/\/www.fw-pfaffenhofen-glonn.de\/?s={search_term_string}"},"query-input":{"@type":"PropertyValueSpecification","valueRequired":true,"valueName":"search_term_string"}}],"inLanguage":"de"},{"@type":"Organization","@id":"https:\/\/www.fw-pfaffenhofen-glonn.de\/#organization","name":"Freiwillige Feuerwehr Pfaffenhofen a. d. Glonn e.V.","url":"https:\/\/www.fw-pfaffenhofen-glonn.de\/","logo":{"@type":"ImageObject","inLanguage":"de","@id":"https:\/\/www.fw-pfaffenhofen-glonn.de\/#\/schema\/logo\/image\/","url":"https:\/\/www.fw-pfaffenhofen-glonn.de\/wp-content\/uploads\/2023\/06\/Feuerwehr-Pfaffenhofen-Logo-invertiert-header-2.png","contentUrl":"https:\/\/www.fw-pfaffenhofen-glonn.de\/wp-content\/uploads\/2023\/06\/Feuerwehr-Pfaffenhofen-Logo-invertiert-header-2.png","width":1077,"height":500,"caption":"Freiwillige Feuerwehr Pfaffenhofen a. d. Glonn e.V."},"image":{"@id":"https:\/\/www.fw-pfaffenhofen-glonn.de\/#\/schema\/logo\/image\/"}}]}},"_links":{"self":[{"href":"https:\/\/www.fw-pfaffenhofen-glonn.de\/index.php\/wp-json\/wp\/v2\/pages\/663","targetHints":{"allow":["GET"]}}],"collection":[{"href":"https:\/\/www.fw-pfaffenhofen-glonn.de\/index.php\/wp-json\/wp\/v2\/pages"}],"about":[{"href":"https:\/\/www.fw-pfaffenhofen-glonn.de\/index.php\/wp-json\/wp\/v2\/types\/page"}],"author":[{"embeddable":true,"href":"https:\/\/www.fw-pfaffenhofen-glonn.de\/index.php\/wp-json\/wp\/v2\/users\/3"}],"replies":[{"embeddable":true,"href":"https:\/\/www.fw-pfaffenhofen-glonn.de\/index.php\/wp-json\/wp\/v2\/comments?post=663"}],"version-history":[{"count":99,"href":"https:\/\/www.fw-pfaffenhofen-glonn.de\/index.php\/wp-json\/wp\/v2\/pages\/663\/revisions"}],"predecessor-version":[{"id":2991,"href":"https:\/\/www.fw-pfaffenhofen-glonn.de\/index.php\/wp-json\/wp\/v2\/pages\/663\/revisions\/2991"}],"wp:attachment":[{"href":"https:\/\/www.fw-pfaffenhofen-glonn.de\/index.php\/wp-json\/wp\/v2\/media?parent=663"}],"curies":[{"name":"wp","href":"https:\/\/api.w.org\/{rel}","templated":true}]}}